{"id":2037,"date":"2025-07-31T03:03:41","date_gmt":"2025-07-31T03:03:41","guid":{"rendered":"https:\/\/mauricioconcha.com\/?page_id=2037"},"modified":"2026-04-08T14:51:47","modified_gmt":"2026-04-08T19:51:47","slug":"cv","status":"publish","type":"page","link":"https:\/\/mauricioconcha.com\/es\/cv\/","title":{"rendered":"CV"},"content":{"rendered":"\t\t<div data-elementor-type=\"wp-page\" data-elementor-id=\"2037\" class=\"elementor elementor-2037\" data-elementor-post-type=\"page\">\n\t\t\t\t<div class=\"elementor-element elementor-element-11b17b37 e-con-full e-flex e-con e-parent\" data-id=\"11b17b37\" data-element_type=\"container\" data-e-type=\"container\" data-settings=\"{&quot;sticky&quot;:&quot;top&quot;,&quot;background_background&quot;:&quot;classic&quot;,&quot;position&quot;:&quot;fixed&quot;,&quot;sticky_on&quot;:[&quot;desktop&quot;,&quot;tablet&quot;,&quot;mobile&quot;],&quot;sticky_offset&quot;:0,&quot;sticky_effects_offset&quot;:0,&quot;sticky_anchor_link_offset&quot;:0}\">\n\t\t\t\t<\/div>\n\t\t<div class=\"elementor-element elementor-element-23e3155 e-con-full e-flex e-con e-parent\" data-id=\"23e3155\" data-element_type=\"container\" data-e-type=\"container\" data-settings=\"{&quot;background_background&quot;:&quot;classic&quot;}\">\n\t\t<div class=\"elementor-element elementor-element-00e659d e-flex e-con-boxed e-con e-child\" data-id=\"00e659d\" data-element_type=\"container\" data-e-type=\"container\" data-settings=\"{&quot;background_background&quot;:&quot;classic&quot;}\">\n\t\t\t\t\t<div class=\"e-con-inner\">\n\t\t\t\t<div class=\"elementor-element elementor-element-6ae0a14 elementor-widget elementor-widget-button\" data-id=\"6ae0a14\" data-element_type=\"widget\" data-e-type=\"widget\" data-widget_type=\"button.default\">\n\t\t\t\t<div class=\"elementor-widget-container\">\n\t\t\t\t\t\t\t\t\t<div class=\"elementor-button-wrapper\">\n\t\t\t\t\t<a class=\"elementor-button elementor-button-link elementor-size-sm\" href=\"https:\/\/mauricioconcha.com\/wp-content\/uploads\/2026\/04\/CV-Mauricio-Concha-Es_Eng-2026-1.pdf\" target=\"_blank\" download=\"\">\n\t\t\t\t\t\t<span class=\"elementor-button-content-wrapper\">\n\t\t\t\t\t\t<span class=\"elementor-button-icon\">\n\t\t\t\t<i aria-hidden=\"true\" class=\"fas fa-cloud-download-alt\"><\/i>\t\t\t<\/span>\n\t\t\t\t\t\t\t\t\t<span class=\"elementor-button-text\">Descargar CV<\/span>\n\t\t\t\t\t<\/span>\n\t\t\t\t\t<\/a>\n\t\t\t\t<\/div>\n\t\t\t\t\t\t\t\t<\/div>\n\t\t\t\t<\/div>\n\t\t\t\t\t<\/div>\n\t\t\t\t<\/div>\n\t\t<div class=\"elementor-element elementor-element-141c876 e-con-full e-flex e-con e-child\" data-id=\"141c876\" data-element_type=\"container\" data-e-type=\"container\" data-settings=\"{&quot;background_background&quot;:&quot;classic&quot;}\">\n\t\t\t\t<div class=\"elementor-element elementor-element-ee7e378 elementor-widget elementor-widget-heading\" data-id=\"ee7e378\" data-element_type=\"widget\" data-e-type=\"widget\" data-widget_type=\"heading.default\">\n\t\t\t\t<div class=\"elementor-widget-container\">\n\t\t\t\t\t<h3 class=\"elementor-heading-title elementor-size-default\">Experiencia<\/h3>\t\t\t\t<\/div>\n\t\t\t\t<\/div>\n\t\t\t\t<div class=\"elementor-element elementor-element-e026801 elementor-widget-divider--view-line elementor-widget elementor-widget-divider\" data-id=\"e026801\" data-element_type=\"widget\" data-e-type=\"widget\" data-widget_type=\"divider.default\">\n\t\t\t\t<div class=\"elementor-widget-container\">\n\t\t\t\t\t\t\t<div class=\"elementor-divider\">\n\t\t\t<span class=\"elementor-divider-separator\">\n\t\t\t\t\t\t<\/span>\n\t\t<\/div>\n\t\t\t\t\t\t<\/div>\n\t\t\t\t<\/div>\n\t\t\t\t<\/div>\n\t\t<div class=\"elementor-element elementor-element-9d38b7b e-flex e-con-boxed e-con e-child\" data-id=\"9d38b7b\" data-element_type=\"container\" data-e-type=\"container\" data-settings=\"{&quot;background_background&quot;:&quot;classic&quot;}\">\n\t\t\t\t\t<div class=\"e-con-inner\">\n\t\t<div class=\"elementor-element elementor-element-cf9ef35 e-con-full e-flex e-con e-child\" data-id=\"cf9ef35\" data-element_type=\"container\" data-e-type=\"container\" data-settings=\"{&quot;background_background&quot;:&quot;classic&quot;}\">\n\t\t\t\t<div class=\"elementor-element elementor-element-a9f9445 elementor-widget elementor-widget-heading\" data-id=\"a9f9445\" data-element_type=\"widget\" data-e-type=\"widget\" data-widget_type=\"heading.default\">\n\t\t\t\t<div class=\"elementor-widget-container\">\n\t\t\t\t\t<h3 class=\"elementor-heading-title elementor-size-default\">Consultor Asociado<\/h3>\t\t\t\t<\/div>\n\t\t\t\t<\/div>\n\t\t\t\t<div class=\"elementor-element elementor-element-f047759 elementor-widget elementor-widget-text-editor\" data-id=\"f047759\" data-element_type=\"widget\" data-e-type=\"widget\" data-widget_type=\"text-editor.default\">\n\t\t\t\t<div class=\"elementor-widget-container\">\n\t\t\t\t\t\t\t\t\t<p class=\"UserInfo-workExperienceSubtext-2Wz\">Liana Strategy \u2014 Manizales, Colombia<\/p><h6 class=\"UserInfo-workExperienceSubtext-2Wz\">Mar 2025 \u2013 Actualidad<\/h6>\t\t\t\t\t\t\t\t<\/div>\n\t\t\t\t<\/div>\n\t\t\t\t<\/div>\n\t\t<div class=\"elementor-element elementor-element-fb730c3 e-con-full e-flex e-con e-child\" data-id=\"fb730c3\" data-element_type=\"container\" data-e-type=\"container\">\n\t\t\t\t<div class=\"elementor-element elementor-element-6bfb487 elementor-widget elementor-widget-text-editor\" data-id=\"6bfb487\" data-element_type=\"widget\" data-e-type=\"widget\" data-widget_type=\"text-editor.default\">\n\t\t\t\t<div class=\"elementor-widget-container\">\n\t\t\t\t\t\t\t\t\t<p>Consultor asociado en identidad corporativa y en el desarrollo de estrategias de comunicaci\u00f3n visual, claras, efectivas y centradas en el cliente y la mejora continua.<\/p>\t\t\t\t\t\t\t\t<\/div>\n\t\t\t\t<\/div>\n\t\t\t\t<\/div>\n\t\t\t\t\t<\/div>\n\t\t\t\t<\/div>\n\t\t<div class=\"elementor-element elementor-element-c3f642b e-flex e-con-boxed e-con e-child\" data-id=\"c3f642b\" data-element_type=\"container\" data-e-type=\"container\" data-settings=\"{&quot;background_background&quot;:&quot;classic&quot;}\">\n\t\t\t\t\t<div class=\"e-con-inner\">\n\t\t<div class=\"elementor-element elementor-element-3de7822 e-con-full e-flex e-con e-child\" data-id=\"3de7822\" data-element_type=\"container\" data-e-type=\"container\" data-settings=\"{&quot;background_background&quot;:&quot;classic&quot;}\">\n\t\t\t\t<div class=\"elementor-element elementor-element-f589b41 elementor-widget elementor-widget-heading\" data-id=\"f589b41\" data-element_type=\"widget\" data-e-type=\"widget\" data-widget_type=\"heading.default\">\n\t\t\t\t<div class=\"elementor-widget-container\">\n\t\t\t\t\t<h3 class=\"elementor-heading-title elementor-size-default\">Asesor de Comunicaciones<\/h3>\t\t\t\t<\/div>\n\t\t\t\t<\/div>\n\t\t\t\t<div class=\"elementor-element elementor-element-f0d1b07 elementor-widget elementor-widget-text-editor\" data-id=\"f0d1b07\" data-element_type=\"widget\" data-e-type=\"widget\" data-widget_type=\"text-editor.default\">\n\t\t\t\t<div class=\"elementor-widget-container\">\n\t\t\t\t\t\t\t\t\t<p class=\"UserInfo-workExperienceSubtext-2Wz\">MRB S.A.S \u2014 Bogot\u00e1, Colombia<\/p><h6 class=\"UserInfo-workExperienceSubtext-2Wz\">Jun 2024 \u2013 Dec 2024<\/h6>\t\t\t\t\t\t\t\t<\/div>\n\t\t\t\t<\/div>\n\t\t\t\t<\/div>\n\t\t<div class=\"elementor-element elementor-element-54ade4a e-con-full e-flex e-con e-child\" data-id=\"54ade4a\" data-element_type=\"container\" data-e-type=\"container\">\n\t\t\t\t<div class=\"elementor-element elementor-element-aaa8c41 elementor-widget elementor-widget-text-editor\" data-id=\"aaa8c41\" data-element_type=\"widget\" data-e-type=\"widget\" data-widget_type=\"text-editor.default\">\n\t\t\t\t<div class=\"elementor-widget-container\">\n\t\t\t\t\t\t\t\t\t<p>Asesor\u00eda para las marcas Mauricio Duarte Duarte y Opinat Latam en el manejo de identidad visual corporativa y estrategias digitales. Creaci\u00f3n y administraci\u00f3n de p\u00e1gina web. Creaci\u00f3n de contenidos y campa\u00f1as para redes sociales.<\/p>\t\t\t\t\t\t\t\t<\/div>\n\t\t\t\t<\/div>\n\t\t\t\t<\/div>\n\t\t\t\t\t<\/div>\n\t\t\t\t<\/div>\n\t\t<div class=\"elementor-element elementor-element-f8b0a7c e-flex e-con-boxed e-con e-child\" data-id=\"f8b0a7c\" data-element_type=\"container\" data-e-type=\"container\" data-settings=\"{&quot;background_background&quot;:&quot;classic&quot;}\">\n\t\t\t\t\t<div class=\"e-con-inner\">\n\t\t<div class=\"elementor-element elementor-element-fab27fd e-con-full e-flex e-con e-child\" data-id=\"fab27fd\" data-element_type=\"container\" data-e-type=\"container\" data-settings=\"{&quot;background_background&quot;:&quot;classic&quot;}\">\n\t\t\t\t<div class=\"elementor-element elementor-element-556168a elementor-widget elementor-widget-heading\" data-id=\"556168a\" data-element_type=\"widget\" data-e-type=\"widget\" data-widget_type=\"heading.default\">\n\t\t\t\t<div class=\"elementor-widget-container\">\n\t\t\t\t\t<h3 class=\"elementor-heading-title elementor-size-default\">Asesor de Comunicaciones<\/h3>\t\t\t\t<\/div>\n\t\t\t\t<\/div>\n\t\t\t\t<div class=\"elementor-element elementor-element-eb6ebe8 elementor-widget elementor-widget-text-editor\" data-id=\"eb6ebe8\" data-element_type=\"widget\" data-e-type=\"widget\" data-widget_type=\"text-editor.default\">\n\t\t\t\t<div class=\"elementor-widget-container\">\n\t\t\t\t\t\t\t\t\t<p class=\"UserInfo-workExperienceSubtext-2Wz\">Zoho Manizales S.A.S \u2014 Bogot\u00e1, Colombia<\/p><h6 class=\"UserInfo-workExperienceSubtext-2Wz\">Jun 2021 \u2013 Feb 2024<\/h6>\t\t\t\t\t\t\t\t<\/div>\n\t\t\t\t<\/div>\n\t\t\t\t<\/div>\n\t\t<div class=\"elementor-element elementor-element-4e7717e e-con-full e-flex e-con e-child\" data-id=\"4e7717e\" data-element_type=\"container\" data-e-type=\"container\">\n\t\t\t\t<div class=\"elementor-element elementor-element-87b9444 elementor-widget elementor-widget-text-editor\" data-id=\"87b9444\" data-element_type=\"widget\" data-e-type=\"widget\" data-widget_type=\"text-editor.default\">\n\t\t\t\t<div class=\"elementor-widget-container\">\n\t\t\t\t\t\t\t\t\t<p>Dise\u00f1o de identidad corporativa del proyecto inmobiliario, creaci\u00f3n de contenidos y estrategias digitales, y manejo de sus diferentes activos digitales.<\/p>\t\t\t\t\t\t\t\t<\/div>\n\t\t\t\t<\/div>\n\t\t\t\t<\/div>\n\t\t\t\t\t<\/div>\n\t\t\t\t<\/div>\n\t\t<div class=\"elementor-element elementor-element-c6f5912 e-flex e-con-boxed e-con e-child\" data-id=\"c6f5912\" data-element_type=\"container\" data-e-type=\"container\" data-settings=\"{&quot;background_background&quot;:&quot;classic&quot;}\">\n\t\t\t\t\t<div class=\"e-con-inner\">\n\t\t<div class=\"elementor-element elementor-element-26d312d e-con-full e-flex e-con e-child\" data-id=\"26d312d\" data-element_type=\"container\" data-e-type=\"container\" data-settings=\"{&quot;background_background&quot;:&quot;classic&quot;}\">\n\t\t\t\t<div class=\"elementor-element elementor-element-9043ece elementor-widget elementor-widget-heading\" data-id=\"9043ece\" data-element_type=\"widget\" data-e-type=\"widget\" data-widget_type=\"heading.default\">\n\t\t\t\t<div class=\"elementor-widget-container\">\n\t\t\t\t\t<h3 class=\"elementor-heading-title elementor-size-default\">Dise\u00f1ador UX - Middle<\/h3>\t\t\t\t<\/div>\n\t\t\t\t<\/div>\n\t\t\t\t<div class=\"elementor-element elementor-element-7dcf739 elementor-widget elementor-widget-text-editor\" data-id=\"7dcf739\" data-element_type=\"widget\" data-e-type=\"widget\" data-widget_type=\"text-editor.default\">\n\t\t\t\t<div class=\"elementor-widget-container\">\n\t\t\t\t\t\t\t\t\t<p class=\"UserInfo-workExperienceSubtext-2Wz\">Agencia Nacional Digital \u2014 Bogot\u00e1, Colombia<\/p><h6 class=\"UserInfo-workExperienceSubtext-2Wz\">Sep \u2013 Dec 2023<\/h6>\t\t\t\t\t\t\t\t<\/div>\n\t\t\t\t<\/div>\n\t\t\t\t<\/div>\n\t\t<div class=\"elementor-element elementor-element-0f00e5c e-con-full e-flex e-con e-child\" data-id=\"0f00e5c\" data-element_type=\"container\" data-e-type=\"container\">\n\t\t\t\t<div class=\"elementor-element elementor-element-11ae24c elementor-widget elementor-widget-text-editor\" data-id=\"11ae24c\" data-element_type=\"widget\" data-e-type=\"widget\" data-widget_type=\"text-editor.default\">\n\t\t\t\t<div class=\"elementor-widget-container\">\n\t\t\t\t\t\t\t\t\t<p>Apoyo en el dise\u00f1o de experiencia de usuario mediante los procesos prototipado, ideaci\u00f3n, definici\u00f3n, empatia y evaluaci\u00f3n para productos web y m\u00f3vil para la AND.<\/p>\t\t\t\t\t\t\t\t<\/div>\n\t\t\t\t<\/div>\n\t\t\t\t<\/div>\n\t\t\t\t\t<\/div>\n\t\t\t\t<\/div>\n\t\t<div class=\"elementor-element elementor-element-1b5854a e-flex e-con-boxed e-con e-child\" data-id=\"1b5854a\" data-element_type=\"container\" data-e-type=\"container\" data-settings=\"{&quot;background_background&quot;:&quot;classic&quot;}\">\n\t\t\t\t\t<div class=\"e-con-inner\">\n\t\t<div class=\"elementor-element elementor-element-f63163f e-con-full e-flex e-con e-child\" data-id=\"f63163f\" data-element_type=\"container\" data-e-type=\"container\" data-settings=\"{&quot;background_background&quot;:&quot;classic&quot;}\">\n\t\t\t\t<div class=\"elementor-element elementor-element-8f4992c elementor-widget elementor-widget-heading\" data-id=\"8f4992c\" data-element_type=\"widget\" data-e-type=\"widget\" data-widget_type=\"heading.default\">\n\t\t\t\t<div class=\"elementor-widget-container\">\n\t\t\t\t\t<h3 class=\"elementor-heading-title elementor-size-default\">Cofundador y Director de Dise\u00f1o<\/h3>\t\t\t\t<\/div>\n\t\t\t\t<\/div>\n\t\t\t\t<div class=\"elementor-element elementor-element-07eabef elementor-widget elementor-widget-text-editor\" data-id=\"07eabef\" data-element_type=\"widget\" data-e-type=\"widget\" data-widget_type=\"text-editor.default\">\n\t\t\t\t<div class=\"elementor-widget-container\">\n\t\t\t\t\t\t\t\t\t<p class=\"UserInfo-workExperienceSubtext-2Wz\">Seiren Digital \u2014 Manizales, Colombia<\/p><h6 class=\"UserInfo-workExperienceSubtext-2Wz\">Nov 2017 \u2013 Apr 2020<\/h6>\t\t\t\t\t\t\t\t<\/div>\n\t\t\t\t<\/div>\n\t\t\t\t<\/div>\n\t\t<div class=\"elementor-element elementor-element-50c145b e-con-full e-flex e-con e-child\" data-id=\"50c145b\" data-element_type=\"container\" data-e-type=\"container\">\n\t\t\t\t<div class=\"elementor-element elementor-element-aa4e15f elementor-widget elementor-widget-text-editor\" data-id=\"aa4e15f\" data-element_type=\"widget\" data-e-type=\"widget\" data-widget_type=\"text-editor.default\">\n\t\t\t\t<div class=\"elementor-widget-container\">\n\t\t\t\t\t\t\t\t\t<p>Asesor\u00eda en dise\u00f1o para p\u00e1ginas web y campa\u00f1as de marketing digital. Asesor\u00eda en identidad visual y branding. Dise\u00f1o y conceptualizaci\u00f3n de piezas gr\u00e1ficas para campa\u00f1as de marketing digital y publicidad.<\/p>\t\t\t\t\t\t\t\t<\/div>\n\t\t\t\t<\/div>\n\t\t\t\t<\/div>\n\t\t\t\t\t<\/div>\n\t\t\t\t<\/div>\n\t\t<div class=\"elementor-element elementor-element-5e0037e e-flex e-con-boxed e-con e-child\" data-id=\"5e0037e\" data-element_type=\"container\" data-e-type=\"container\" data-settings=\"{&quot;background_background&quot;:&quot;classic&quot;}\">\n\t\t\t\t\t<div class=\"e-con-inner\">\n\t\t<div class=\"elementor-element elementor-element-7fc9bf2 e-con-full e-flex e-con e-child\" data-id=\"7fc9bf2\" data-element_type=\"container\" data-e-type=\"container\" data-settings=\"{&quot;background_background&quot;:&quot;classic&quot;}\">\n\t\t\t\t<div class=\"elementor-element elementor-element-297d901 elementor-widget elementor-widget-heading\" data-id=\"297d901\" data-element_type=\"widget\" data-e-type=\"widget\" data-widget_type=\"heading.default\">\n\t\t\t\t<div class=\"elementor-widget-container\">\n\t\t\t\t\t<h3 class=\"elementor-heading-title elementor-size-default\">Asesor de Dise\u00f1o<\/h3>\t\t\t\t<\/div>\n\t\t\t\t<\/div>\n\t\t\t\t<div class=\"elementor-element elementor-element-ff927f5 elementor-widget elementor-widget-text-editor\" data-id=\"ff927f5\" data-element_type=\"widget\" data-e-type=\"widget\" data-widget_type=\"text-editor.default\">\n\t\t\t\t<div class=\"elementor-widget-container\">\n\t\t\t\t\t\t\t\t\t<p class=\"UserInfo-workExperienceSubtext-2Wz\">Servicio Nacional de Aprendizaje SENA Manizales, &#8211; Manizales, Colombia.<\/p><h6 class=\"UserInfo-workExperienceSubtext-2Wz\">Dec 2015 \u2013 Jan 2016 | Oct \u2013 Dec 2016<\/h6>\t\t\t\t\t\t\t\t<\/div>\n\t\t\t\t<\/div>\n\t\t\t\t<\/div>\n\t\t<div class=\"elementor-element elementor-element-cfcf7a3 e-con-full e-flex e-con e-child\" data-id=\"cfcf7a3\" data-element_type=\"container\" data-e-type=\"container\">\n\t\t\t\t<div class=\"elementor-element elementor-element-05c5686 elementor-widget elementor-widget-text-editor\" data-id=\"05c5686\" data-element_type=\"widget\" data-e-type=\"widget\" data-widget_type=\"text-editor.default\">\n\t\t\t\t<div class=\"elementor-widget-container\">\n\t\t\t\t\t\t\t\t\t<p>Asesor\u00eda en temas relacionados con dise\u00f1o y comunicaci\u00f3n visual y material promocional. Dise\u00f1o de imagen corporativa, logotipos e imagenes de numerosos eventos. Conceptualizaci\u00f3n de presentaciones y diversas piezas comunicacionales.<\/p>\t\t\t\t\t\t\t\t<\/div>\n\t\t\t\t<\/div>\n\t\t\t\t<\/div>\n\t\t\t\t\t<\/div>\n\t\t\t\t<\/div>\n\t\t<div class=\"elementor-element elementor-element-3c34700 e-flex e-con-boxed e-con e-child\" data-id=\"3c34700\" data-element_type=\"container\" data-e-type=\"container\" data-settings=\"{&quot;background_background&quot;:&quot;classic&quot;}\">\n\t\t\t\t\t<div class=\"e-con-inner\">\n\t\t<div class=\"elementor-element elementor-element-5dd420a e-con-full e-flex e-con e-child\" data-id=\"5dd420a\" data-element_type=\"container\" data-e-type=\"container\" data-settings=\"{&quot;background_background&quot;:&quot;classic&quot;}\">\n\t\t\t\t<div class=\"elementor-element elementor-element-1d23b0f elementor-widget elementor-widget-heading\" data-id=\"1d23b0f\" data-element_type=\"widget\" data-e-type=\"widget\" data-widget_type=\"heading.default\">\n\t\t\t\t<div class=\"elementor-widget-container\">\n\t\t\t\t\t<h3 class=\"elementor-heading-title elementor-size-default\">Coordinador Especializado<\/h3>\t\t\t\t<\/div>\n\t\t\t\t<\/div>\n\t\t\t\t<div class=\"elementor-element elementor-element-82c7f38 elementor-widget elementor-widget-text-editor\" data-id=\"82c7f38\" data-element_type=\"widget\" data-e-type=\"widget\" data-widget_type=\"text-editor.default\">\n\t\t\t\t<div class=\"elementor-widget-container\">\n\t\t\t\t\t\t\t\t\t<p class=\"UserInfo-workExperienceSubtext-2Wz\">People Contact S.A.S \u2014 Manizales, Colombia<\/p><h6 class=\"UserInfo-workExperienceSubtext-2Wz\">Jun \u2013 Dic 2016 | Jun 2017 \u2013 Ene 2018<\/h6>\t\t\t\t\t\t\t\t<\/div>\n\t\t\t\t<\/div>\n\t\t\t\t<\/div>\n\t\t<div class=\"elementor-element elementor-element-92f38a1 e-con-full e-flex e-con e-child\" data-id=\"92f38a1\" data-element_type=\"container\" data-e-type=\"container\">\n\t\t\t\t<div class=\"elementor-element elementor-element-f17eedc elementor-widget elementor-widget-text-editor\" data-id=\"f17eedc\" data-element_type=\"widget\" data-e-type=\"widget\" data-widget_type=\"text-editor.default\">\n\t\t\t\t<div class=\"elementor-widget-container\">\n\t\t\t\t\t\t\t\t\t<p>Capacitaci\u00f3n en dise\u00f1o bidimensional y tridimensional a la comunidad en general. Asesor\u00eda y capacitaci\u00f3n: Alfabetizaci\u00f3n digital a la comunidad. Dise\u00f1o de piezas comunicacionales y material publicitario para el proyecto Telecentros Comunitarios.<\/p>\t\t\t\t\t\t\t\t<\/div>\n\t\t\t\t<\/div>\n\t\t\t\t<\/div>\n\t\t\t\t\t<\/div>\n\t\t\t\t<\/div>\n\t\t<div class=\"elementor-element elementor-element-5465625 e-flex e-con-boxed e-con e-child\" data-id=\"5465625\" data-element_type=\"container\" data-e-type=\"container\" data-settings=\"{&quot;background_background&quot;:&quot;classic&quot;}\">\n\t\t\t\t\t<div class=\"e-con-inner\">\n\t\t<div class=\"elementor-element elementor-element-e8b36e6 e-con-full e-flex e-con e-child\" data-id=\"e8b36e6\" data-element_type=\"container\" data-e-type=\"container\" data-settings=\"{&quot;background_background&quot;:&quot;classic&quot;}\">\n\t\t\t\t<div class=\"elementor-element elementor-element-b4edb61 elementor-widget elementor-widget-heading\" data-id=\"b4edb61\" data-element_type=\"widget\" data-e-type=\"widget\" data-widget_type=\"heading.default\">\n\t\t\t\t<div class=\"elementor-widget-container\">\n\t\t\t\t\t<h3 class=\"elementor-heading-title elementor-size-default\">Asesor de Campa\u00f1as<\/h3>\t\t\t\t<\/div>\n\t\t\t\t<\/div>\n\t\t\t\t<div class=\"elementor-element elementor-element-ab04c1e elementor-widget elementor-widget-text-editor\" data-id=\"ab04c1e\" data-element_type=\"widget\" data-e-type=\"widget\" data-widget_type=\"text-editor.default\">\n\t\t\t\t<div class=\"elementor-widget-container\">\n\t\t\t\t\t\t\t\t\t<p class=\"UserInfo-workExperienceSubtext-2Wz\">Secretar\u00eda De Tr\u00e1nsito, Transporte Y La Movilidad De Ibagu\u00e9 \u2014 Ibagu\u00e9, Colombia<\/p><h6 class=\"UserInfo-workExperienceSubtext-2Wz\">Sep \u2013 Nov 2015<\/h6>\t\t\t\t\t\t\t\t<\/div>\n\t\t\t\t<\/div>\n\t\t\t\t<\/div>\n\t\t<div class=\"elementor-element elementor-element-f1aefbd e-con-full e-flex e-con e-child\" data-id=\"f1aefbd\" data-element_type=\"container\" data-e-type=\"container\">\n\t\t\t\t<div class=\"elementor-element elementor-element-11ef6a9 elementor-widget elementor-widget-text-editor\" data-id=\"11ef6a9\" data-element_type=\"widget\" data-e-type=\"widget\" data-widget_type=\"text-editor.default\">\n\t\t\t\t<div class=\"elementor-widget-container\">\n\t\t\t\t\t\t\t\t\t<p>Arquitectura de marca para la creaci\u00f3n de 3 campa\u00f1as de seguridad vial dirigidas a los actores que intervienen en la movilidad de la ciudad. Ilustraci\u00f3n y diagramaci\u00f3n de la imagen de cada una de las campa\u00f1as. Dise\u00f1o de piezas comunicacionales y material publicitario.<\/p>\t\t\t\t\t\t\t\t<\/div>\n\t\t\t\t<\/div>\n\t\t\t\t<\/div>\n\t\t\t\t\t<\/div>\n\t\t\t\t<\/div>\n\t\t<div class=\"elementor-element elementor-element-8d28365 e-flex e-con-boxed e-con e-child\" data-id=\"8d28365\" data-element_type=\"container\" data-e-type=\"container\" data-settings=\"{&quot;background_background&quot;:&quot;classic&quot;}\">\n\t\t\t\t\t<div class=\"e-con-inner\">\n\t\t<div class=\"elementor-element elementor-element-95ba831 e-con-full e-flex e-con e-child\" data-id=\"95ba831\" data-element_type=\"container\" data-e-type=\"container\" data-settings=\"{&quot;background_background&quot;:&quot;classic&quot;}\">\n\t\t\t\t<div class=\"elementor-element elementor-element-466154b elementor-widget elementor-widget-heading\" data-id=\"466154b\" data-element_type=\"widget\" data-e-type=\"widget\" data-widget_type=\"heading.default\">\n\t\t\t\t<div class=\"elementor-widget-container\">\n\t\t\t\t\t<h3 class=\"elementor-heading-title elementor-size-default\">Facilitador Altas Tecnolog\u00edas<\/h3>\t\t\t\t<\/div>\n\t\t\t\t<\/div>\n\t\t\t\t<div class=\"elementor-element elementor-element-251f2fe elementor-widget elementor-widget-text-editor\" data-id=\"251f2fe\" data-element_type=\"widget\" data-e-type=\"widget\" data-widget_type=\"text-editor.default\">\n\t\t\t\t<div class=\"elementor-widget-container\">\n\t\t\t\t\t\t\t\t\t<p class=\"UserInfo-workExperienceSubtext-2Wz\">Servicio Nacional de Aprendizaje SENA &#8211; Manizales, Colombia<\/p><h6 class=\"UserInfo-workExperienceSubtext-2Wz\">Oct \u2013 Dic 2014<\/h6>\t\t\t\t\t\t\t\t<\/div>\n\t\t\t\t<\/div>\n\t\t\t\t<\/div>\n\t\t<div class=\"elementor-element elementor-element-3e6d6ab e-con-full e-flex e-con e-child\" data-id=\"3e6d6ab\" data-element_type=\"container\" data-e-type=\"container\">\n\t\t\t\t<div class=\"elementor-element elementor-element-171dac1 elementor-widget elementor-widget-text-editor\" data-id=\"171dac1\" data-element_type=\"widget\" data-e-type=\"widget\" data-widget_type=\"text-editor.default\">\n\t\t\t\t<div class=\"elementor-widget-container\">\n\t\t\t\t\t\t\t\t\t<p>Capacitaci\u00f3n y asesor\u00eda a los aprendices en software de dise\u00f1o tridimensional, prototipado r\u00e1pido y nuevas tecnolog\u00edas de producci\u00f3n. Comunicaci\u00f3n visual del proyecto Tecnoacademia. Dise\u00f1o de piezas comunicacionales.<\/p>\t\t\t\t\t\t\t\t<\/div>\n\t\t\t\t<\/div>\n\t\t\t\t<\/div>\n\t\t\t\t\t<\/div>\n\t\t\t\t<\/div>\n\t\t<div class=\"elementor-element elementor-element-4ae77a0 e-flex e-con-boxed e-con e-child\" data-id=\"4ae77a0\" data-element_type=\"container\" data-e-type=\"container\" data-settings=\"{&quot;background_background&quot;:&quot;classic&quot;}\">\n\t\t\t\t\t<div class=\"e-con-inner\">\n\t\t<div class=\"elementor-element elementor-element-24ff926 e-con-full e-flex e-con e-child\" data-id=\"24ff926\" data-element_type=\"container\" data-e-type=\"container\" data-settings=\"{&quot;background_background&quot;:&quot;classic&quot;}\">\n\t\t\t\t<div class=\"elementor-element elementor-element-ead3250 elementor-widget elementor-widget-heading\" data-id=\"ead3250\" data-element_type=\"widget\" data-e-type=\"widget\" data-widget_type=\"heading.default\">\n\t\t\t\t<div class=\"elementor-widget-container\">\n\t\t\t\t\t<h3 class=\"elementor-heading-title elementor-size-default\">Dise\u00f1ador Gr\u00e1fico<\/h3>\t\t\t\t<\/div>\n\t\t\t\t<\/div>\n\t\t\t\t<div class=\"elementor-element elementor-element-52c0593 elementor-widget elementor-widget-text-editor\" data-id=\"52c0593\" data-element_type=\"widget\" data-e-type=\"widget\" data-widget_type=\"text-editor.default\">\n\t\t\t\t<div class=\"elementor-widget-container\">\n\t\t\t\t\t\t\t\t\t<p class=\"UserInfo-workExperienceSubtext-2Wz\">Secretar\u00eda Distrital De Movilidad De Bogot\u00e1. &#8211; Bogot\u00e1, Colombia<\/p><h6 class=\"UserInfo-workExperienceSubtext-2Wz\">Feb 2010 \u2013 Jul 2013<\/h6>\t\t\t\t\t\t\t\t<\/div>\n\t\t\t\t<\/div>\n\t\t\t\t<\/div>\n\t\t<div class=\"elementor-element elementor-element-1a6c934 e-con-full e-flex e-con e-child\" data-id=\"1a6c934\" data-element_type=\"container\" data-e-type=\"container\">\n\t\t\t\t<div class=\"elementor-element elementor-element-d88e4d2 elementor-widget elementor-widget-text-editor\" data-id=\"d88e4d2\" data-element_type=\"widget\" data-e-type=\"widget\" data-widget_type=\"text-editor.default\">\n\t\t\t\t<div class=\"elementor-widget-container\">\n\t\t\t\t\t\t\t\t\t<p>Conceptualizaci\u00f3n y desarrollo de campa\u00f1as de seguridad vial. Dise\u00f1o y supervisi\u00f3n de la producci\u00f3n de material promocional.<\/p>\t\t\t\t\t\t\t\t<\/div>\n\t\t\t\t<\/div>\n\t\t\t\t<\/div>\n\t\t\t\t\t<\/div>\n\t\t\t\t<\/div>\n\t\t<div class=\"elementor-element elementor-element-f858649 e-flex e-con-boxed e-con e-child\" data-id=\"f858649\" data-element_type=\"container\" data-e-type=\"container\" data-settings=\"{&quot;background_background&quot;:&quot;classic&quot;}\">\n\t\t\t\t\t<div class=\"e-con-inner\">\n\t\t<div class=\"elementor-element elementor-element-31f3f95 e-con-full e-flex e-con e-child\" data-id=\"31f3f95\" data-element_type=\"container\" data-e-type=\"container\" data-settings=\"{&quot;background_background&quot;:&quot;classic&quot;}\">\n\t\t\t\t<div class=\"elementor-element elementor-element-ebcfd04 elementor-widget elementor-widget-heading\" data-id=\"ebcfd04\" data-element_type=\"widget\" data-e-type=\"widget\" data-widget_type=\"heading.default\">\n\t\t\t\t<div class=\"elementor-widget-container\">\n\t\t\t\t\t<h3 class=\"elementor-heading-title elementor-size-default\">Cofundador y Director de Dise\u00f1o<\/h3>\t\t\t\t<\/div>\n\t\t\t\t<\/div>\n\t\t\t\t<div class=\"elementor-element elementor-element-fa9a8a4 elementor-widget elementor-widget-text-editor\" data-id=\"fa9a8a4\" data-element_type=\"widget\" data-e-type=\"widget\" data-widget_type=\"text-editor.default\">\n\t\t\t\t<div class=\"elementor-widget-container\">\n\t\t\t\t\t\t\t\t\t<p class=\"UserInfo-workExperienceSubtext-2Wz\">Bola 8 Creativos \u2014 Bogot\u00e1, Colombia<\/p><h6 class=\"UserInfo-workExperienceSubtext-2Wz\">Apr 2007 \u2013 Sep 2009<\/h6>\t\t\t\t\t\t\t\t<\/div>\n\t\t\t\t<\/div>\n\t\t\t\t<\/div>\n\t\t<div class=\"elementor-element elementor-element-58c7409 e-con-full e-flex e-con e-child\" data-id=\"58c7409\" data-element_type=\"container\" data-e-type=\"container\">\n\t\t\t\t<div class=\"elementor-element elementor-element-33c7952 elementor-widget elementor-widget-text-editor\" data-id=\"33c7952\" data-element_type=\"widget\" data-e-type=\"widget\" data-widget_type=\"text-editor.default\">\n\t\t\t\t<div class=\"elementor-widget-container\">\n\t\t\t\t\t\t\t\t\t<p>Asesor\u00eda al cliente. Manejo de proveedores. Desarrollo de material promocional, dise\u00f1o de identidad visual (Logos, afiches, banners, folletos, etc.).<\/p>\t\t\t\t\t\t\t\t<\/div>\n\t\t\t\t<\/div>\n\t\t\t\t<\/div>\n\t\t\t\t\t<\/div>\n\t\t\t\t<\/div>\n\t\t<div class=\"elementor-element elementor-element-e65baa0 e-flex e-con-boxed e-con e-child\" data-id=\"e65baa0\" data-element_type=\"container\" data-e-type=\"container\" data-settings=\"{&quot;background_background&quot;:&quot;classic&quot;}\">\n\t\t\t\t\t<div class=\"e-con-inner\">\n\t\t<div class=\"elementor-element elementor-element-a112692 e-con-full e-flex e-con e-child\" data-id=\"a112692\" data-element_type=\"container\" data-e-type=\"container\" data-settings=\"{&quot;background_background&quot;:&quot;classic&quot;}\">\n\t\t\t\t<div class=\"elementor-element elementor-element-c51a510 elementor-widget elementor-widget-heading\" data-id=\"c51a510\" data-element_type=\"widget\" data-e-type=\"widget\" data-widget_type=\"heading.default\">\n\t\t\t\t<div class=\"elementor-widget-container\">\n\t\t\t\t\t<h3 class=\"elementor-heading-title elementor-size-default\">Asistente de Dise\u00f1o<\/h3>\t\t\t\t<\/div>\n\t\t\t\t<\/div>\n\t\t\t\t<div class=\"elementor-element elementor-element-e03eef0 elementor-widget elementor-widget-text-editor\" data-id=\"e03eef0\" data-element_type=\"widget\" data-e-type=\"widget\" data-widget_type=\"text-editor.default\">\n\t\t\t\t<div class=\"elementor-widget-container\">\n\t\t\t\t\t\t\t\t\t<p class=\"UserInfo-workExperienceSubtext-2Wz\">Contempo Design Group &#8211; Bogot\u00e1, Colombia<\/p><h6 class=\"UserInfo-workExperienceSubtext-2Wz\">Ago \u2013 Dec 2006<\/h6>\t\t\t\t\t\t\t\t<\/div>\n\t\t\t\t<\/div>\n\t\t\t\t<\/div>\n\t\t<div class=\"elementor-element elementor-element-8249a60 e-con-full e-flex e-con e-child\" data-id=\"8249a60\" data-element_type=\"container\" data-e-type=\"container\">\n\t\t\t\t<div class=\"elementor-element elementor-element-4d76556 elementor-widget elementor-widget-text-editor\" data-id=\"4d76556\" data-element_type=\"widget\" data-e-type=\"widget\" data-widget_type=\"text-editor.default\">\n\t\t\t\t<div class=\"elementor-widget-container\">\n\t\t\t\t\t\t\t\t\t<p>Conceptualizaci\u00f3n y dise\u00f1o 3D de stands de exhibici\u00f3n y arquitectura ef\u00edmera y coordinaci\u00f3n en el proceso de producci\u00f3n.<\/p>\t\t\t\t\t\t\t\t<\/div>\n\t\t\t\t<\/div>\n\t\t\t\t<\/div>\n\t\t\t\t\t<\/div>\n\t\t\t\t<\/div>\n\t\t\t\t<\/div>\n\t\t<div class=\"elementor-element elementor-element-95b443c e-con-full e-flex e-con e-parent\" data-id=\"95b443c\" data-element_type=\"container\" data-e-type=\"container\" data-settings=\"{&quot;background_background&quot;:&quot;classic&quot;}\">\n\t\t<div class=\"elementor-element elementor-element-abdcdc4 e-con-full e-flex e-con e-child\" data-id=\"abdcdc4\" data-element_type=\"container\" data-e-type=\"container\" data-settings=\"{&quot;background_background&quot;:&quot;classic&quot;}\">\n\t\t\t\t<div class=\"elementor-element elementor-element-7bf497d elementor-widget elementor-widget-heading\" data-id=\"7bf497d\" data-element_type=\"widget\" data-e-type=\"widget\" data-widget_type=\"heading.default\">\n\t\t\t\t<div class=\"elementor-widget-container\">\n\t\t\t\t\t<h3 class=\"elementor-heading-title elementor-size-default\">Educaci\u00f3n<\/h3>\t\t\t\t<\/div>\n\t\t\t\t<\/div>\n\t\t\t\t<div class=\"elementor-element elementor-element-d711420 elementor-widget-divider--view-line elementor-widget elementor-widget-divider\" data-id=\"d711420\" data-element_type=\"widget\" data-e-type=\"widget\" data-widget_type=\"divider.default\">\n\t\t\t\t<div class=\"elementor-widget-container\">\n\t\t\t\t\t\t\t<div class=\"elementor-divider\">\n\t\t\t<span class=\"elementor-divider-separator\">\n\t\t\t\t\t\t<\/span>\n\t\t<\/div>\n\t\t\t\t\t\t<\/div>\n\t\t\t\t<\/div>\n\t\t\t\t<\/div>\n\t\t<div class=\"elementor-element elementor-element-9d1bcc6 e-flex e-con-boxed e-con e-child\" data-id=\"9d1bcc6\" data-element_type=\"container\" data-e-type=\"container\" data-settings=\"{&quot;background_background&quot;:&quot;classic&quot;}\">\n\t\t\t\t\t<div class=\"e-con-inner\">\n\t\t<div class=\"elementor-element elementor-element-ecac6f4 e-con-full e-flex e-con e-child\" data-id=\"ecac6f4\" data-element_type=\"container\" data-e-type=\"container\" data-settings=\"{&quot;background_background&quot;:&quot;classic&quot;}\">\n\t\t\t\t<div class=\"elementor-element elementor-element-50542e4 elementor-widget elementor-widget-heading\" data-id=\"50542e4\" data-element_type=\"widget\" data-e-type=\"widget\" data-widget_type=\"heading.default\">\n\t\t\t\t<div class=\"elementor-widget-container\">\n\t\t\t\t\t<h3 class=\"elementor-heading-title elementor-size-default\">Especializaci\u00f3n en Gerencia en Mercadeo y Ventas<\/h3>\t\t\t\t<\/div>\n\t\t\t\t<\/div>\n\t\t\t\t<div class=\"elementor-element elementor-element-fe27328 elementor-widget elementor-widget-text-editor\" data-id=\"fe27328\" data-element_type=\"widget\" data-e-type=\"widget\" data-widget_type=\"text-editor.default\">\n\t\t\t\t<div class=\"elementor-widget-container\">\n\t\t\t\t\t\t\t\t\t<p class=\"UserInfo-workExperienceSubtext-2Wz\">Universidad de Manizales \u2014 Manizales, Colombia<\/p><h6 class=\"UserInfo-workExperienceSubtext-2Wz\">Jul 2022 \u2013 Jun 2023<\/h6>\t\t\t\t\t\t\t\t<\/div>\n\t\t\t\t<\/div>\n\t\t\t\t<\/div>\n\t\t<div class=\"elementor-element elementor-element-5bfec5e e-con-full e-flex e-con e-child\" data-id=\"5bfec5e\" data-element_type=\"container\" data-e-type=\"container\">\n\t\t\t\t<div class=\"elementor-element elementor-element-441bbbc elementor-widget elementor-widget-text-editor\" data-id=\"441bbbc\" data-element_type=\"widget\" data-e-type=\"widget\" data-widget_type=\"text-editor.default\">\n\t\t\t\t<div class=\"elementor-widget-container\">\n\t\t\t\t\t\t\t\t\t<p>Desarrollo de habilidades de liderazgo en procesos de investigaci\u00f3n, planeaci\u00f3n y proyecci\u00f3n de mercados. Planeaci\u00f3n e implementaci\u00f3n de estrategias de mercadeo y ventas, alineados con la estrategia organizacional. Identificaci\u00f3n de puntos d\u00e9biles del sistema de ventas de la empresa y dise\u00f1o e implementaci\u00f3n de soluciones efectivas.<\/p>\t\t\t\t\t\t\t\t<\/div>\n\t\t\t\t<\/div>\n\t\t\t\t<\/div>\n\t\t\t\t\t<\/div>\n\t\t\t\t<\/div>\n\t\t<div class=\"elementor-element elementor-element-1c49e40 e-flex e-con-boxed e-con e-child\" data-id=\"1c49e40\" data-element_type=\"container\" data-e-type=\"container\" data-settings=\"{&quot;background_background&quot;:&quot;classic&quot;}\">\n\t\t\t\t\t<div class=\"e-con-inner\">\n\t\t<div class=\"elementor-element elementor-element-7e35fe4 e-con-full e-flex e-con e-child\" data-id=\"7e35fe4\" data-element_type=\"container\" data-e-type=\"container\" data-settings=\"{&quot;background_background&quot;:&quot;classic&quot;}\">\n\t\t\t\t<div class=\"elementor-element elementor-element-4748164 elementor-widget elementor-widget-heading\" data-id=\"4748164\" data-element_type=\"widget\" data-e-type=\"widget\" data-widget_type=\"heading.default\">\n\t\t\t\t<div class=\"elementor-widget-container\">\n\t\t\t\t\t<h3 class=\"elementor-heading-title elementor-size-default\">Diplomado en Marketing, Publicidad y Dise\u00f1o Online<\/h3>\t\t\t\t<\/div>\n\t\t\t\t<\/div>\n\t\t\t\t<div class=\"elementor-element elementor-element-7bd56c8 elementor-widget elementor-widget-text-editor\" data-id=\"7bd56c8\" data-element_type=\"widget\" data-e-type=\"widget\" data-widget_type=\"text-editor.default\">\n\t\t\t\t<div class=\"elementor-widget-container\">\n\t\t\t\t\t\t\t\t\t<p class=\"UserInfo-workExperienceSubtext-2Wz\">Universidad de Caldas \u2014 Manizales, Colombia<\/p><h6 class=\"UserInfo-workExperienceSubtext-2Wz\">Jun \u2013 Sep 2017<\/h6>\t\t\t\t\t\t\t\t<\/div>\n\t\t\t\t<\/div>\n\t\t\t\t<\/div>\n\t\t<div class=\"elementor-element elementor-element-d2e0cbd e-con-full e-flex e-con e-child\" data-id=\"d2e0cbd\" data-element_type=\"container\" data-e-type=\"container\">\n\t\t\t\t<div class=\"elementor-element elementor-element-a5d6e01 elementor-widget elementor-widget-text-editor\" data-id=\"a5d6e01\" data-element_type=\"widget\" data-e-type=\"widget\" data-widget_type=\"text-editor.default\">\n\t\t\t\t<div class=\"elementor-widget-container\">\n\t\t\t\t\t\t\t\t\t<p>Curso diplomado con una intensidad horaria de 120 horas en las que se estudiaron temas como: Marketing de contenidos, Posicionamiento en buscadores SEO, Marketing en buscadores SEM, Redes Sociales, E-Commerce, E-Mail Marketing y CRM, Dise\u00f1o y Usabilidad entre otros.<\/p>\t\t\t\t\t\t\t\t<\/div>\n\t\t\t\t<\/div>\n\t\t\t\t<\/div>\n\t\t\t\t\t<\/div>\n\t\t\t\t<\/div>\n\t\t<div class=\"elementor-element elementor-element-f3c12d0 e-flex e-con-boxed e-con e-child\" data-id=\"f3c12d0\" data-element_type=\"container\" data-e-type=\"container\" data-settings=\"{&quot;background_background&quot;:&quot;classic&quot;}\">\n\t\t\t\t\t<div class=\"e-con-inner\">\n\t\t<div class=\"elementor-element elementor-element-383da4d e-con-full e-flex e-con e-child\" data-id=\"383da4d\" data-element_type=\"container\" data-e-type=\"container\" data-settings=\"{&quot;background_background&quot;:&quot;classic&quot;}\">\n\t\t\t\t<div class=\"elementor-element elementor-element-ee406e4 elementor-widget elementor-widget-heading\" data-id=\"ee406e4\" data-element_type=\"widget\" data-e-type=\"widget\" data-widget_type=\"heading.default\">\n\t\t\t\t<div class=\"elementor-widget-container\">\n\t\t\t\t\t<h3 class=\"elementor-heading-title elementor-size-default\">Diplomado en Auditor\u00edas de Seguridad Vial <\/h3>\t\t\t\t<\/div>\n\t\t\t\t<\/div>\n\t\t\t\t<div class=\"elementor-element elementor-element-fcb4485 elementor-widget elementor-widget-text-editor\" data-id=\"fcb4485\" data-element_type=\"widget\" data-e-type=\"widget\" data-widget_type=\"text-editor.default\">\n\t\t\t\t<div class=\"elementor-widget-container\">\n\t\t\t\t\t\t\t\t\t<p class=\"UserInfo-workExperienceSubtext-2Wz\">Universidad Nacional de Colombia<br \/>&#8211; Manizales, Colombia<\/p><h6 class=\"UserInfo-workExperienceSubtext-2Wz\">Feb \u2013 Apr 2016<\/h6>\t\t\t\t\t\t\t\t<\/div>\n\t\t\t\t<\/div>\n\t\t\t\t<\/div>\n\t\t<div class=\"elementor-element elementor-element-94ea1b0 e-con-full e-flex e-con e-child\" data-id=\"94ea1b0\" data-element_type=\"container\" data-e-type=\"container\">\n\t\t\t\t<div class=\"elementor-element elementor-element-cd952d4 elementor-widget elementor-widget-text-editor\" data-id=\"cd952d4\" data-element_type=\"widget\" data-e-type=\"widget\" data-widget_type=\"text-editor.default\">\n\t\t\t\t<div class=\"elementor-widget-container\">\n\t\t\t\t\t\t\t\t\t<p>Curso diplomado enfocado al proceso de identificaci\u00f3n de factores que pueden atentar contra la seguridad de los actores de la v\u00eda y la posterior mitigaci\u00f3n del riesgo por parte de los entes correspondientes.<\/p>\t\t\t\t\t\t\t\t<\/div>\n\t\t\t\t<\/div>\n\t\t\t\t<\/div>\n\t\t\t\t\t<\/div>\n\t\t\t\t<\/div>\n\t\t<div class=\"elementor-element elementor-element-a7d373f e-flex e-con-boxed e-con e-child\" data-id=\"a7d373f\" data-element_type=\"container\" data-e-type=\"container\" data-settings=\"{&quot;background_background&quot;:&quot;classic&quot;}\">\n\t\t\t\t\t<div class=\"e-con-inner\">\n\t\t<div class=\"elementor-element elementor-element-9d69c9e e-con-full e-flex e-con e-child\" data-id=\"9d69c9e\" data-element_type=\"container\" data-e-type=\"container\" data-settings=\"{&quot;background_background&quot;:&quot;classic&quot;}\">\n\t\t\t\t<div class=\"elementor-element elementor-element-83374f7 elementor-widget elementor-widget-heading\" data-id=\"83374f7\" data-element_type=\"widget\" data-e-type=\"widget\" data-widget_type=\"heading.default\">\n\t\t\t\t<div class=\"elementor-widget-container\">\n\t\t\t\t\t<h3 class=\"elementor-heading-title elementor-size-default\">Proceso Integral de dise\u00f1o de Producto<\/h3>\t\t\t\t<\/div>\n\t\t\t\t<\/div>\n\t\t\t\t<div class=\"elementor-element elementor-element-5d9ace8 elementor-widget elementor-widget-text-editor\" data-id=\"5d9ace8\" data-element_type=\"widget\" data-e-type=\"widget\" data-widget_type=\"text-editor.default\">\n\t\t\t\t<div class=\"elementor-widget-container\">\n\t\t\t\t\t\t\t\t\t<p class=\"UserInfo-workExperienceSubtext-2Wz\">Servicio Nacional de Aprendizaje SENA. &#8211; Colombia<\/p><h6 class=\"UserInfo-workExperienceSubtext-2Wz\">Sep 2015<\/h6>\t\t\t\t\t\t\t\t<\/div>\n\t\t\t\t<\/div>\n\t\t\t\t<\/div>\n\t\t<div class=\"elementor-element elementor-element-4baab52 e-con-full e-flex e-con e-child\" data-id=\"4baab52\" data-element_type=\"container\" data-e-type=\"container\">\n\t\t\t\t<div class=\"elementor-element elementor-element-b886935 elementor-widget elementor-widget-text-editor\" data-id=\"b886935\" data-element_type=\"widget\" data-e-type=\"widget\" data-widget_type=\"text-editor.default\">\n\t\t\t\t<div class=\"elementor-widget-container\">\n\t\t\t\t\t\t\t\t\t<p>Curso virtual con una intensidad horaria de Cuarenta (40) y se obtuvo una evaluaci\u00f3n Apto (A) con una equivalencia de (4.5\/5.0). En este curso se dise\u00f1\u00f3 un producto de uso cotidiano y se estudi\u00f3 su proceso, desde la concepci\u00f3n, pasando por los procesos de producci\u00f3n hasta el producto terminado.<\/p>\t\t\t\t\t\t\t\t<\/div>\n\t\t\t\t<\/div>\n\t\t\t\t<\/div>\n\t\t\t\t\t<\/div>\n\t\t\t\t<\/div>\n\t\t<div class=\"elementor-element elementor-element-fe70c61 e-flex e-con-boxed e-con e-child\" data-id=\"fe70c61\" data-element_type=\"container\" data-e-type=\"container\" data-settings=\"{&quot;background_background&quot;:&quot;classic&quot;}\">\n\t\t\t\t\t<div class=\"e-con-inner\">\n\t\t<div class=\"elementor-element elementor-element-5f6a143 e-con-full e-flex e-con e-child\" data-id=\"5f6a143\" data-element_type=\"container\" data-e-type=\"container\" data-settings=\"{&quot;background_background&quot;:&quot;classic&quot;}\">\n\t\t\t\t<div class=\"elementor-element elementor-element-2a2ed71 elementor-widget elementor-widget-heading\" data-id=\"2a2ed71\" data-element_type=\"widget\" data-e-type=\"widget\" data-widget_type=\"heading.default\">\n\t\t\t\t<div class=\"elementor-widget-container\">\n\t\t\t\t\t<h3 class=\"elementor-heading-title elementor-size-default\">Fundamentaci\u00f3n B\u00e1sica Pedag\u00f3gica<\/h3>\t\t\t\t<\/div>\n\t\t\t\t<\/div>\n\t\t\t\t<div class=\"elementor-element elementor-element-bc8eb79 elementor-widget elementor-widget-text-editor\" data-id=\"bc8eb79\" data-element_type=\"widget\" data-e-type=\"widget\" data-widget_type=\"text-editor.default\">\n\t\t\t\t<div class=\"elementor-widget-container\">\n\t\t\t\t\t\t\t\t\t<p class=\"UserInfo-workExperienceSubtext-2Wz\">Servicio Nacional de Aprendizaje SENA. &#8211; Colombia<\/p><h6 class=\"UserInfo-workExperienceSubtext-2Wz\">Oct &#8211; Nov 2014<\/h6>\t\t\t\t\t\t\t\t<\/div>\n\t\t\t\t<\/div>\n\t\t\t\t<\/div>\n\t\t<div class=\"elementor-element elementor-element-9610180 e-con-full e-flex e-con e-child\" data-id=\"9610180\" data-element_type=\"container\" data-e-type=\"container\">\n\t\t\t\t<div class=\"elementor-element elementor-element-21e2ba1 elementor-widget elementor-widget-text-editor\" data-id=\"21e2ba1\" data-element_type=\"widget\" data-e-type=\"widget\" data-widget_type=\"text-editor.default\">\n\t\t\t\t<div class=\"elementor-widget-container\">\n\t\t\t\t\t\t\t\t\t<p>Curso con una intensidad horaria de Ochenta (80) en el que se aprendieron diferentes conceptos, din\u00e1micas y procesos con los cuales un facilitador puede conducir al aprend\u00edz al afianzamiento de un saber u oficio.<\/p>\t\t\t\t\t\t\t\t<\/div>\n\t\t\t\t<\/div>\n\t\t\t\t<\/div>\n\t\t\t\t\t<\/div>\n\t\t\t\t<\/div>\n\t\t<div class=\"elementor-element elementor-element-bcebe41 e-flex e-con-boxed e-con e-child\" data-id=\"bcebe41\" data-element_type=\"container\" data-e-type=\"container\" data-settings=\"{&quot;background_background&quot;:&quot;classic&quot;}\">\n\t\t\t\t\t<div class=\"e-con-inner\">\n\t\t<div class=\"elementor-element elementor-element-69f95be e-con-full e-flex e-con e-child\" data-id=\"69f95be\" data-element_type=\"container\" data-e-type=\"container\" data-settings=\"{&quot;background_background&quot;:&quot;classic&quot;}\">\n\t\t\t\t<div class=\"elementor-element elementor-element-1c3d739 elementor-widget elementor-widget-heading\" data-id=\"1c3d739\" data-element_type=\"widget\" data-e-type=\"widget\" data-widget_type=\"heading.default\">\n\t\t\t\t<div class=\"elementor-widget-container\">\n\t\t\t\t\t<h3 class=\"elementor-heading-title elementor-size-default\">Dise\u00f1o Asisitido por Computador<\/h3>\t\t\t\t<\/div>\n\t\t\t\t<\/div>\n\t\t\t\t<div class=\"elementor-element elementor-element-0a84b6f elementor-widget elementor-widget-text-editor\" data-id=\"0a84b6f\" data-element_type=\"widget\" data-e-type=\"widget\" data-widget_type=\"text-editor.default\">\n\t\t\t\t<div class=\"elementor-widget-container\">\n\t\t\t\t\t\t\t\t\t<p class=\"UserInfo-workExperienceSubtext-2Wz\">C\u00e9gep Du Vieux Montr\u00e9al \u2014 Montreal, Canad\u00e1<\/p><h6 class=\"UserInfo-workExperienceSubtext-2Wz\">Mar \u2013 Sep 2014<\/h6>\t\t\t\t\t\t\t\t<\/div>\n\t\t\t\t<\/div>\n\t\t\t\t<\/div>\n\t\t<div class=\"elementor-element elementor-element-7c4b16d e-con-full e-flex e-con e-child\" data-id=\"7c4b16d\" data-element_type=\"container\" data-e-type=\"container\">\n\t\t\t\t<div class=\"elementor-element elementor-element-869c11e elementor-widget elementor-widget-text-editor\" data-id=\"869c11e\" data-element_type=\"widget\" data-e-type=\"widget\" data-widget_type=\"text-editor.default\">\n\t\t\t\t<div class=\"elementor-widget-container\">\n\t\t\t\t\t\t\t\t\t<p>Certificaci\u00f3n de estudios en dise\u00f1o asisitido por computador. Dise\u00f1o y producci\u00f3n de dibujos t\u00e9cnicos complejos y variados usando CAD\/CAM; Introducci\u00f3n a AUTOCAD, INVENTOR, CATIA V5 y SOLIDWORKS; Desarrollo de diferentes t\u00e9cnicas de ensamblaje, dimensionamiento y dibujo en Soporte CAD\/CAM.<\/p>\t\t\t\t\t\t\t\t<\/div>\n\t\t\t\t<\/div>\n\t\t\t\t<\/div>\n\t\t\t\t\t<\/div>\n\t\t\t\t<\/div>\n\t\t<div class=\"elementor-element elementor-element-1a5235c e-flex e-con-boxed e-con e-child\" data-id=\"1a5235c\" data-element_type=\"container\" data-e-type=\"container\" data-settings=\"{&quot;background_background&quot;:&quot;classic&quot;}\">\n\t\t\t\t\t<div class=\"e-con-inner\">\n\t\t<div class=\"elementor-element elementor-element-67fb79f e-con-full e-flex e-con e-child\" data-id=\"67fb79f\" data-element_type=\"container\" data-e-type=\"container\" data-settings=\"{&quot;background_background&quot;:&quot;classic&quot;}\">\n\t\t\t\t<div class=\"elementor-element elementor-element-df253f4 elementor-widget elementor-widget-heading\" data-id=\"df253f4\" data-element_type=\"widget\" data-e-type=\"widget\" data-widget_type=\"heading.default\">\n\t\t\t\t<div class=\"elementor-widget-container\">\n\t\t\t\t\t<h3 class=\"elementor-heading-title elementor-size-default\">Coordinador Especializado<\/h3>\t\t\t\t<\/div>\n\t\t\t\t<\/div>\n\t\t\t\t<div class=\"elementor-element elementor-element-4b28d9e elementor-widget elementor-widget-text-editor\" data-id=\"4b28d9e\" data-element_type=\"widget\" data-e-type=\"widget\" data-widget_type=\"text-editor.default\">\n\t\t\t\t<div class=\"elementor-widget-container\">\n\t\t\t\t\t\t\t\t\t<p class=\"UserInfo-workExperienceSubtext-2Wz\">People Contact S.A.S \u2014 Manizales, Colombia<\/p><h6 class=\"UserInfo-workExperienceSubtext-2Wz\">Jun \u2013 Dic 2016 | Jun 2017 \u2013 Ene 2018<\/h6>\t\t\t\t\t\t\t\t<\/div>\n\t\t\t\t<\/div>\n\t\t\t\t<\/div>\n\t\t<div class=\"elementor-element elementor-element-d59b948 e-con-full e-flex e-con e-child\" data-id=\"d59b948\" data-element_type=\"container\" data-e-type=\"container\">\n\t\t\t\t<div class=\"elementor-element elementor-element-4a9f09a elementor-widget elementor-widget-text-editor\" data-id=\"4a9f09a\" data-element_type=\"widget\" data-e-type=\"widget\" data-widget_type=\"text-editor.default\">\n\t\t\t\t<div class=\"elementor-widget-container\">\n\t\t\t\t\t\t\t\t\t<p>Capacitaci\u00f3n en dise\u00f1o bidimensional y tridimensional a la comunidad en general. Asesor\u00eda y capacitaci\u00f3n: Alfabetizaci\u00f3n digital a la comunidad. Dise\u00f1o de piezas comunicacionales y material publicitario para el proyecto Telecentros Comunitarios.<\/p>\t\t\t\t\t\t\t\t<\/div>\n\t\t\t\t<\/div>\n\t\t\t\t<\/div>\n\t\t\t\t\t<\/div>\n\t\t\t\t<\/div>\n\t\t<div class=\"elementor-element elementor-element-e5deaef e-flex e-con-boxed e-con e-child\" data-id=\"e5deaef\" data-element_type=\"container\" data-e-type=\"container\" data-settings=\"{&quot;background_background&quot;:&quot;classic&quot;}\">\n\t\t\t\t\t<div class=\"e-con-inner\">\n\t\t<div class=\"elementor-element elementor-element-5977e3e e-con-full e-flex e-con e-child\" data-id=\"5977e3e\" data-element_type=\"container\" data-e-type=\"container\" data-settings=\"{&quot;background_background&quot;:&quot;classic&quot;}\">\n\t\t\t\t<div class=\"elementor-element elementor-element-fd78568 elementor-widget elementor-widget-heading\" data-id=\"fd78568\" data-element_type=\"widget\" data-e-type=\"widget\" data-widget_type=\"heading.default\">\n\t\t\t\t<div class=\"elementor-widget-container\">\n\t\t\t\t\t<h3 class=\"elementor-heading-title elementor-size-default\">Dise\u00f1ador Industrial<\/h3>\t\t\t\t<\/div>\n\t\t\t\t<\/div>\n\t\t\t\t<div class=\"elementor-element elementor-element-f3b6aea elementor-widget elementor-widget-text-editor\" data-id=\"f3b6aea\" data-element_type=\"widget\" data-e-type=\"widget\" data-widget_type=\"text-editor.default\">\n\t\t\t\t<div class=\"elementor-widget-container\">\n\t\t\t\t\t\t\t\t\t<p class=\"UserInfo-workExperienceSubtext-2Wz\">Universidad Jorge Tadeo Lozano<br \/>Bogot\u00e1, Colombia<\/p><h6 class=\"UserInfo-workExperienceSubtext-2Wz\">Jan 2000 &#8211; Sep 2005<\/h6>\t\t\t\t\t\t\t\t<\/div>\n\t\t\t\t<\/div>\n\t\t\t\t<\/div>\n\t\t<div class=\"elementor-element elementor-element-a7863b5 e-con-full e-flex e-con e-child\" data-id=\"a7863b5\" data-element_type=\"container\" data-e-type=\"container\">\n\t\t\t\t<div class=\"elementor-element elementor-element-daf57fd elementor-widget elementor-widget-text-editor\" data-id=\"daf57fd\" data-element_type=\"widget\" data-e-type=\"widget\" data-widget_type=\"text-editor.default\">\n\t\t\t\t<div class=\"elementor-widget-container\">\n\t\t\t\t\t\t\t\t\t<p>Formaci\u00f3n profesional para la concepci\u00f3n y desarrollo de objetos y productos fabricados a escala industrial con el fin de satisfacer necesidades humanas cotidianas. Involucra numerosas ramas del conocimiento y aporta valor en toda la cadena productiva, desde la ideaci\u00f3n y designaci\u00f3n de valores est\u00e9ticos, viabilidad econ\u00f3mica, elaboraci\u00f3n a nivel industrial, pertinencia de materiales, funcionamiento, ergonom\u00eda y antropometr\u00eda, hasta su promoci\u00f3n y comercializaci\u00f3n.<\/p>\t\t\t\t\t\t\t\t<\/div>\n\t\t\t\t<\/div>\n\t\t\t\t<\/div>\n\t\t\t\t\t<\/div>\n\t\t\t\t<\/div>\n\t\t\t\t<\/div>\n\t\t<div class=\"elementor-element elementor-element-1b652c6 e-con-full e-flex e-con e-parent\" data-id=\"1b652c6\" data-element_type=\"container\" data-e-type=\"container\" data-settings=\"{&quot;background_background&quot;:&quot;classic&quot;}\">\n\t\t<div class=\"elementor-element elementor-element-443b055 e-con-full e-flex e-con e-child\" data-id=\"443b055\" data-element_type=\"container\" data-e-type=\"container\" data-settings=\"{&quot;background_background&quot;:&quot;classic&quot;}\">\n\t\t\t\t<div class=\"elementor-element elementor-element-024d1cb elementor-widget__width-initial elementor-widget elementor-widget-heading\" data-id=\"024d1cb\" data-element_type=\"widget\" data-e-type=\"widget\" data-widget_type=\"heading.default\">\n\t\t\t\t<div class=\"elementor-widget-container\">\n\t\t\t\t\t<h3 class=\"elementor-heading-title elementor-size-default\">Licencias y Certificaciones<\/h3>\t\t\t\t<\/div>\n\t\t\t\t<\/div>\n\t\t\t\t<div class=\"elementor-element elementor-element-e06c714 elementor-widget-divider--view-line elementor-widget elementor-widget-divider\" data-id=\"e06c714\" data-element_type=\"widget\" data-e-type=\"widget\" data-widget_type=\"divider.default\">\n\t\t\t\t<div class=\"elementor-widget-container\">\n\t\t\t\t\t\t\t<div class=\"elementor-divider\">\n\t\t\t<span class=\"elementor-divider-separator\">\n\t\t\t\t\t\t<\/span>\n\t\t<\/div>\n\t\t\t\t\t\t<\/div>\n\t\t\t\t<\/div>\n\t\t\t\t<\/div>\n\t\t<div class=\"elementor-element elementor-element-999934f e-flex e-con-boxed e-con e-child\" data-id=\"999934f\" data-element_type=\"container\" data-e-type=\"container\" data-settings=\"{&quot;background_background&quot;:&quot;classic&quot;}\">\n\t\t\t\t\t<div class=\"e-con-inner\">\n\t\t<div class=\"elementor-element elementor-element-ae68e5a e-con-full e-flex e-con e-child\" data-id=\"ae68e5a\" data-element_type=\"container\" data-e-type=\"container\" data-settings=\"{&quot;background_background&quot;:&quot;classic&quot;}\">\n\t\t\t\t<div class=\"elementor-element elementor-element-3eb3801 elementor-widget elementor-widget-heading\" data-id=\"3eb3801\" data-element_type=\"widget\" data-e-type=\"widget\" data-widget_type=\"heading.default\">\n\t\t\t\t<div class=\"elementor-widget-container\">\n\t\t\t\t\t<h3 class=\"elementor-heading-title elementor-size-default\">Asociado Certificado por Adobe en Comunicaci\u00f3n Visual usando Adobe Photoshop CS6<\/h3>\t\t\t\t<\/div>\n\t\t\t\t<\/div>\n\t\t\t\t<div class=\"elementor-element elementor-element-a60f3c6 elementor-widget elementor-widget-text-editor\" data-id=\"a60f3c6\" data-element_type=\"widget\" data-e-type=\"widget\" data-widget_type=\"text-editor.default\">\n\t\t\t\t<div class=\"elementor-widget-container\">\n\t\t\t\t\t\t\t\t\t<p class=\"UserInfo-workExperienceSubtext-2Wz\">NetworkIT Cliuster TIC Tri\u00e1ngulo del Caf\u00e9<br \/>Manizales, Colombia<\/p><h6 class=\"UserInfo-workExperienceSubtext-2Wz\">Dic 2014<\/h6>\t\t\t\t\t\t\t\t<\/div>\n\t\t\t\t<\/div>\n\t\t\t\t<\/div>\n\t\t<div class=\"elementor-element elementor-element-d52cce9 e-con-full e-flex e-con e-child\" data-id=\"d52cce9\" data-element_type=\"container\" data-e-type=\"container\">\n\t\t\t\t<div class=\"elementor-element elementor-element-e7b7692 elementor-widget elementor-widget-text-editor\" data-id=\"e7b7692\" data-element_type=\"widget\" data-e-type=\"widget\" data-widget_type=\"text-editor.default\">\n\t\t\t\t<div class=\"elementor-widget-container\">\n\t\t\t\t\t\t\t\t\t<p>Certificaci\u00f3n de 80 horas 60 presenciales, 20 virtuales entregada por NetworkIT Cluster TIC Tri\u00e1ngulo del Caf\u00e9, el MINTIC, la Alcald\u00eda de Manizales, Colciencias, Universidad Aut\u00f3noma de Manizales y Cymetria Training, autorizados por Adobe Systems Incorporated para el entrenamiento de personal en Comunicaci\u00f3n visual usando la herramienta Photoshop en su versi\u00f3n CS6.<\/p>\t\t\t\t\t\t\t\t<\/div>\n\t\t\t\t<\/div>\n\t\t\t\t<\/div>\n\t\t\t\t\t<\/div>\n\t\t\t\t<\/div>\n\t\t<div class=\"elementor-element elementor-element-7018be8 e-flex e-con-boxed e-con e-child\" data-id=\"7018be8\" data-element_type=\"container\" data-e-type=\"container\" data-settings=\"{&quot;background_background&quot;:&quot;classic&quot;}\">\n\t\t\t\t\t<div class=\"e-con-inner\">\n\t\t<div class=\"elementor-element elementor-element-acfe707 e-con-full e-flex e-con e-child\" data-id=\"acfe707\" data-element_type=\"container\" data-e-type=\"container\" data-settings=\"{&quot;background_background&quot;:&quot;classic&quot;}\">\n\t\t\t\t<div class=\"elementor-element elementor-element-de17280 elementor-widget elementor-widget-heading\" data-id=\"de17280\" data-element_type=\"widget\" data-e-type=\"widget\" data-widget_type=\"heading.default\">\n\t\t\t\t<div class=\"elementor-widget-container\">\n\t\t\t\t\t<h3 class=\"elementor-heading-title elementor-size-default\">Comisi\u00f3n Profesional Colombiana de Dise\u00f1o Industrial <\/h3>\t\t\t\t<\/div>\n\t\t\t\t<\/div>\n\t\t\t\t<div class=\"elementor-element elementor-element-3b882c9 elementor-widget elementor-widget-text-editor\" data-id=\"3b882c9\" data-element_type=\"widget\" data-e-type=\"widget\" data-widget_type=\"text-editor.default\">\n\t\t\t\t<div class=\"elementor-widget-container\">\n\t\t\t\t\t\t\t\t\t<p class=\"UserInfo-workExperienceSubtext-2Wz\">Bogot\u00e1, Colombia<\/p><h6 class=\"UserInfo-workExperienceSubtext-2Wz\">Nov 2014<\/h6>\t\t\t\t\t\t\t\t<\/div>\n\t\t\t\t<\/div>\n\t\t\t\t<\/div>\n\t\t<div class=\"elementor-element elementor-element-4ed5635 e-con-full e-flex e-con e-child\" data-id=\"4ed5635\" data-element_type=\"container\" data-e-type=\"container\">\n\t\t\t\t<div class=\"elementor-element elementor-element-869fdfe elementor-widget elementor-widget-text-editor\" data-id=\"869fdfe\" data-element_type=\"widget\" data-e-type=\"widget\" data-widget_type=\"text-editor.default\">\n\t\t\t\t<div class=\"elementor-widget-container\">\n\t\t\t\t\t\t\t\t\t<p>Tarjeta Profesional de Dise\u00f1o Industrial No. 80169671-2506 aprobada por la resoluci\u00f3n No. 1143 del 12 de Noviembre de 2014, expedida por la Comisi\u00f3n Profesional Colombiana de Dise\u00f1o Industrial, organismo que controla, vigila y desarrolla el ejercicio de la profesi\u00f3n en todo el pa\u00eds, art\u00edculo 7\u00b0 de la Ley 157 de 1994.<\/p>\t\t\t\t\t\t\t\t<\/div>\n\t\t\t\t<\/div>\n\t\t\t\t<\/div>\n\t\t\t\t\t<\/div>\n\t\t\t\t<\/div>\n\t\t\t\t<\/div>\n\t\t<div class=\"elementor-element elementor-element-48f6522 e-con-full e-flex e-con e-parent\" data-id=\"48f6522\" data-element_type=\"container\" data-e-type=\"container\" data-settings=\"{&quot;background_background&quot;:&quot;classic&quot;}\">\n\t\t<div class=\"elementor-element elementor-element-3934382 e-con-full e-flex e-con e-child\" data-id=\"3934382\" data-element_type=\"container\" data-e-type=\"container\" data-settings=\"{&quot;background_background&quot;:&quot;classic&quot;}\">\n\t\t\t\t<div class=\"elementor-element elementor-element-0d93b8f elementor-widget__width-initial elementor-widget elementor-widget-heading\" data-id=\"0d93b8f\" data-element_type=\"widget\" data-e-type=\"widget\" data-widget_type=\"heading.default\">\n\t\t\t\t<div class=\"elementor-widget-container\">\n\t\t\t\t\t<h3 class=\"elementor-heading-title elementor-size-default\">Idiomas<\/h3>\t\t\t\t<\/div>\n\t\t\t\t<\/div>\n\t\t\t\t<div class=\"elementor-element elementor-element-0d2b9a7 elementor-widget-divider--view-line elementor-widget elementor-widget-divider\" data-id=\"0d2b9a7\" data-element_type=\"widget\" data-e-type=\"widget\" data-widget_type=\"divider.default\">\n\t\t\t\t<div class=\"elementor-widget-container\">\n\t\t\t\t\t\t\t<div class=\"elementor-divider\">\n\t\t\t<span class=\"elementor-divider-separator\">\n\t\t\t\t\t\t<\/span>\n\t\t<\/div>\n\t\t\t\t\t\t<\/div>\n\t\t\t\t<\/div>\n\t\t\t\t<\/div>\n\t\t<div class=\"elementor-element elementor-element-24570e4 e-flex e-con-boxed e-con e-child\" data-id=\"24570e4\" data-element_type=\"container\" data-e-type=\"container\" data-settings=\"{&quot;background_background&quot;:&quot;classic&quot;}\">\n\t\t\t\t\t<div class=\"e-con-inner\">\n\t\t<div class=\"elementor-element elementor-element-0e0fee4 e-con-full e-flex e-con e-child\" data-id=\"0e0fee4\" data-element_type=\"container\" data-e-type=\"container\" data-settings=\"{&quot;background_background&quot;:&quot;classic&quot;}\">\n\t\t\t\t<div class=\"elementor-element elementor-element-6dce808 elementor-widget elementor-widget-heading\" data-id=\"6dce808\" data-element_type=\"widget\" data-e-type=\"widget\" data-widget_type=\"heading.default\">\n\t\t\t\t<div class=\"elementor-widget-container\">\n\t\t\t\t\t<h3 class=\"elementor-heading-title elementor-size-default\">Espa\u00f1ol<\/h3>\t\t\t\t<\/div>\n\t\t\t\t<\/div>\n\t\t\t\t<\/div>\n\t\t<div class=\"elementor-element elementor-element-2b5e1a8 e-con-full e-flex e-con e-child\" data-id=\"2b5e1a8\" data-element_type=\"container\" data-e-type=\"container\">\n\t\t\t\t<div class=\"elementor-element elementor-element-2872080 elementor-widget elementor-widget-text-editor\" data-id=\"2872080\" data-element_type=\"widget\" data-e-type=\"widget\" data-widget_type=\"text-editor.default\">\n\t\t\t\t<div class=\"elementor-widget-container\">\n\t\t\t\t\t\t\t\t\t<p>Idioma nativo<\/p>\t\t\t\t\t\t\t\t<\/div>\n\t\t\t\t<\/div>\n\t\t\t\t<\/div>\n\t\t\t\t\t<\/div>\n\t\t\t\t<\/div>\n\t\t<div class=\"elementor-element elementor-element-063e7c0 e-flex e-con-boxed e-con e-child\" data-id=\"063e7c0\" data-element_type=\"container\" data-e-type=\"container\" data-settings=\"{&quot;background_background&quot;:&quot;classic&quot;}\">\n\t\t\t\t\t<div class=\"e-con-inner\">\n\t\t<div class=\"elementor-element elementor-element-796554a e-con-full e-flex e-con e-child\" data-id=\"796554a\" data-element_type=\"container\" data-e-type=\"container\" data-settings=\"{&quot;background_background&quot;:&quot;classic&quot;}\">\n\t\t\t\t<div class=\"elementor-element elementor-element-003820f elementor-widget elementor-widget-heading\" data-id=\"003820f\" data-element_type=\"widget\" data-e-type=\"widget\" data-widget_type=\"heading.default\">\n\t\t\t\t<div class=\"elementor-widget-container\">\n\t\t\t\t\t<h3 class=\"elementor-heading-title elementor-size-default\">Ingl\u00e9s<\/h3>\t\t\t\t<\/div>\n\t\t\t\t<\/div>\n\t\t\t\t<div class=\"elementor-element elementor-element-feac730 elementor-widget elementor-widget-text-editor\" data-id=\"feac730\" data-element_type=\"widget\" data-e-type=\"widget\" data-widget_type=\"text-editor.default\">\n\t\t\t\t<div class=\"elementor-widget-container\">\n\t\t\t\t\t\t\t\t\t<p class=\"UserInfo-workExperienceSubtext-2Wz\">EF SET Certifcate &#8211; Online<\/p><h6 class=\"UserInfo-workExperienceSubtext-2Wz\">Aug 2023<\/h6>\t\t\t\t\t\t\t\t<\/div>\n\t\t\t\t<\/div>\n\t\t\t\t<\/div>\n\t\t<div class=\"elementor-element elementor-element-13514fd e-con-full e-flex e-con e-child\" data-id=\"13514fd\" data-element_type=\"container\" data-e-type=\"container\">\n\t\t\t\t<div class=\"elementor-element elementor-element-931070f elementor-widget elementor-widget-text-editor\" data-id=\"931070f\" data-element_type=\"widget\" data-e-type=\"widget\" data-widget_type=\"text-editor.default\">\n\t\t\t\t<div class=\"elementor-widget-container\">\n\t\t\t\t\t\t\t\t\t<p>Nivel de ingl\u00e9s: 69\/100 en la escala de puntuaci\u00f3n EF SET y C1 Avanzado seg\u00fan el Marco Com\u00fan Europeo de Referencia (MCER). Esta puntuaci\u00f3n se calcula como media de las puntuaciones de lectura y comprensi\u00f3n oral. Secci\u00f3n de comprensi\u00f3n oral 60\/100 B2 Intermedio alto. Secci\u00f3n de lectura 78\/100 C2 Competente.<\/p>\t\t\t\t\t\t\t\t<\/div>\n\t\t\t\t<\/div>\n\t\t\t\t<\/div>\n\t\t\t\t\t<\/div>\n\t\t\t\t<\/div>\n\t\t<div class=\"elementor-element elementor-element-8be61f7 e-flex e-con-boxed e-con e-child\" data-id=\"8be61f7\" data-element_type=\"container\" data-e-type=\"container\" data-settings=\"{&quot;background_background&quot;:&quot;classic&quot;}\">\n\t\t\t\t\t<div class=\"e-con-inner\">\n\t\t<div class=\"elementor-element elementor-element-c4cf561 e-con-full e-flex e-con e-child\" data-id=\"c4cf561\" data-element_type=\"container\" data-e-type=\"container\" data-settings=\"{&quot;background_background&quot;:&quot;classic&quot;}\">\n\t\t\t\t<div class=\"elementor-element elementor-element-715059c elementor-widget elementor-widget-text-editor\" data-id=\"715059c\" data-element_type=\"widget\" data-e-type=\"widget\" data-widget_type=\"text-editor.default\">\n\t\t\t\t<div class=\"elementor-widget-container\">\n\t\t\t\t\t\t\t\t\t<p class=\"UserInfo-workExperienceSubtext-2Wz\">OG Entertainment \u2014 Bogot\u00e1, Colombia<\/p><h6 class=\"UserInfo-workExperienceSubtext-2Wz\">Apr 2007<\/h6>\t\t\t\t\t\t\t\t<\/div>\n\t\t\t\t<\/div>\n\t\t\t\t<\/div>\n\t\t<div class=\"elementor-element elementor-element-059aac4 e-con-full e-flex e-con e-child\" data-id=\"059aac4\" data-element_type=\"container\" data-e-type=\"container\">\n\t\t\t\t<div class=\"elementor-element elementor-element-0cf6e4b elementor-widget elementor-widget-text-editor\" data-id=\"0cf6e4b\" data-element_type=\"widget\" data-e-type=\"widget\" data-widget_type=\"text-editor.default\">\n\t\t\t\t<div class=\"elementor-widget-container\">\n\t\t\t\t\t\t\t\t\t<p>Cursado hasta el nivel Red 1 del programa cuya estructura es: Orientation (Step 1 \u2013 Step 2 \u2013 Step 3) Yellow 1 \u2013 Yellow 2 \u2013 Yellow 3, Green 1 \u2013 Green 2 \u2013 Green 3, Red 1 \u2013 Red 2 \u2013 Red 3, Blue 1 \u2013 Blue 2 \u2013 Blue 3.<\/p>\t\t\t\t\t\t\t\t<\/div>\n\t\t\t\t<\/div>\n\t\t\t\t<\/div>\n\t\t\t\t\t<\/div>\n\t\t\t\t<\/div>\n\t\t<div class=\"elementor-element elementor-element-1159b6d e-flex e-con-boxed e-con e-child\" data-id=\"1159b6d\" data-element_type=\"container\" data-e-type=\"container\" data-settings=\"{&quot;background_background&quot;:&quot;classic&quot;}\">\n\t\t\t\t\t<div class=\"e-con-inner\">\n\t\t<div class=\"elementor-element elementor-element-6bbda15 e-con-full e-flex e-con e-child\" data-id=\"6bbda15\" data-element_type=\"container\" data-e-type=\"container\" data-settings=\"{&quot;background_background&quot;:&quot;classic&quot;}\">\n\t\t\t\t<div class=\"elementor-element elementor-element-5aea364 elementor-widget elementor-widget-text-editor\" data-id=\"5aea364\" data-element_type=\"widget\" data-e-type=\"widget\" data-widget_type=\"text-editor.default\">\n\t\t\t\t<div class=\"elementor-widget-container\">\n\t\t\t\t\t\t\t\t\t<p class=\"UserInfo-workExperienceSubtext-2Wz\">Coll\u00e8ge de Rosemont\u2014 Montreal, Canad\u00e1<\/p><h6 class=\"UserInfo-workExperienceSubtext-2Wz\">Nov 2013<\/h6>\t\t\t\t\t\t\t\t<\/div>\n\t\t\t\t<\/div>\n\t\t\t\t<div class=\"elementor-element elementor-element-55fc300 elementor-widget elementor-widget-heading\" data-id=\"55fc300\" data-element_type=\"widget\" data-e-type=\"widget\" data-widget_type=\"heading.default\">\n\t\t\t\t<div class=\"elementor-widget-container\">\n\t\t\t\t\t<h3 class=\"elementor-heading-title elementor-size-default\">Franc\u00e9s<\/h3>\t\t\t\t<\/div>\n\t\t\t\t<\/div>\n\t\t\t\t<\/div>\n\t\t<div class=\"elementor-element elementor-element-2011f02 e-con-full e-flex e-con e-child\" data-id=\"2011f02\" data-element_type=\"container\" data-e-type=\"container\">\n\t\t\t\t<div class=\"elementor-element elementor-element-896ba3e elementor-widget elementor-widget-text-editor\" data-id=\"896ba3e\" data-element_type=\"widget\" data-e-type=\"widget\" data-widget_type=\"text-editor.default\">\n\t\t\t\t<div class=\"elementor-widget-container\">\n\t\t\t\t\t\t\t\t\t<p>Programa general de integraci\u00f3n Lingu\u00edstica: Conocimiento de la lengua francesa y de la sociedad Quebequense en el Coll\u00e8ge de Rosemont. Estudio con tutores independientes durante 3 a\u00f1os previos al proceso de Francizaci\u00f3n.<\/p>\t\t\t\t\t\t\t\t<\/div>\n\t\t\t\t<\/div>\n\t\t\t\t<\/div>\n\t\t\t\t\t<\/div>\n\t\t\t\t<\/div>\n\t\t<div class=\"elementor-element elementor-element-dec4371 e-con-full e-flex e-con e-child\" data-id=\"dec4371\" data-element_type=\"container\" data-e-type=\"container\" data-settings=\"{&quot;background_background&quot;:&quot;classic&quot;}\">\n\t\t\t\t<div class=\"elementor-element elementor-element-ea70a95 elementor-widget elementor-widget-button\" data-id=\"ea70a95\" data-element_type=\"widget\" data-e-type=\"widget\" data-widget_type=\"button.default\">\n\t\t\t\t<div class=\"elementor-widget-container\">\n\t\t\t\t\t\t\t\t\t<div class=\"elementor-button-wrapper\">\n\t\t\t\t\t<a class=\"elementor-button elementor-button-link elementor-size-sm\" href=\"https:\/\/mauricioconcha.com\/wp-content\/uploads\/2026\/04\/CV-Mauricio-Concha-Es_Eng-2026-1.pdf\" target=\"_blank\" download=\"\">\n\t\t\t\t\t\t<span class=\"elementor-button-content-wrapper\">\n\t\t\t\t\t\t<span class=\"elementor-button-icon\">\n\t\t\t\t<i aria-hidden=\"true\" class=\"fas fa-cloud-download-alt\"><\/i>\t\t\t<\/span>\n\t\t\t\t\t\t\t\t\t<span class=\"elementor-button-text\">Descargar CV<\/span>\n\t\t\t\t\t<\/span>\n\t\t\t\t\t<\/a>\n\t\t\t\t<\/div>\n\t\t\t\t\t\t\t\t<\/div>\n\t\t\t\t<\/div>\n\t\t\t\t<\/div>\n\t\t\t\t<div class=\"elementor-element elementor-element-76c48cf elementor-widget elementor-widget-menu-anchor\" data-id=\"76c48cf\" data-element_type=\"widget\" data-e-type=\"widget\" data-widget_type=\"menu-anchor.default\">\n\t\t\t\t<div class=\"elementor-widget-container\">\n\t\t\t\t\t\t\t<div class=\"elementor-menu-anchor\" id=\"contact\"><\/div>\n\t\t\t\t\t\t<\/div>\n\t\t\t\t<\/div>\n\t\t\t\t<\/div>\n\t\t<div class=\"elementor-element elementor-element-46312dc e-con-full e-flex e-con e-parent\" data-id=\"46312dc\" data-element_type=\"container\" data-e-type=\"container\" data-settings=\"{&quot;background_background&quot;:&quot;classic&quot;}\">\n\t\t\t\t<div class=\"elementor-element elementor-element-aa3369a elementor-widget elementor-widget-template\" data-id=\"aa3369a\" data-element_type=\"widget\" data-e-type=\"widget\" data-widget_type=\"template.default\">\n\t\t\t\t<div class=\"elementor-widget-container\">\n\t\t\t\t\t\t\t<div class=\"elementor-template\">\n\t\t\t\t\t<div data-elementor-type=\"container\" data-elementor-id=\"1671\" class=\"elementor elementor-1671\" data-elementor-post-type=\"elementor_library\">\n\t\t\t\t<div class=\"elementor-element elementor-element-9c6398b e-con-full e-flex e-con e-parent\" data-id=\"9c6398b\" data-element_type=\"container\" data-e-type=\"container\" data-settings=\"{&quot;background_background&quot;:&quot;classic&quot;}\">\n\t\t\t\t<div class=\"elementor-element elementor-element-481cb9a elementor-widget-divider--view-line elementor-widget elementor-widget-divider\" data-id=\"481cb9a\" data-element_type=\"widget\" data-e-type=\"widget\" data-widget_type=\"divider.default\">\n\t\t\t\t<div class=\"elementor-widget-container\">\n\t\t\t\t\t\t\t<div class=\"elementor-divider\">\n\t\t\t<span class=\"elementor-divider-separator\">\n\t\t\t\t\t\t<\/span>\n\t\t<\/div>\n\t\t\t\t\t\t<\/div>\n\t\t\t\t<\/div>\n\t\t\t\t<\/div>\n\t\t<div class=\"elementor-element elementor-element-60b3c28 e-con-full e-flex e-con e-parent\" data-id=\"60b3c28\" data-element_type=\"container\" data-e-type=\"container\" data-settings=\"{&quot;background_background&quot;:&quot;classic&quot;}\">\n\t\t<div class=\"elementor-element elementor-element-52a9f8a6 e-flex e-con-boxed e-con e-child\" data-id=\"52a9f8a6\" data-element_type=\"container\" data-e-type=\"container\">\n\t\t\t\t\t<div class=\"e-con-inner\">\n\t\t\t\t<div class=\"elementor-element elementor-element-5e06299c elementor-widget elementor-widget-heading\" data-id=\"5e06299c\" data-element_type=\"widget\" data-e-type=\"widget\" data-widget_type=\"heading.default\">\n\t\t\t\t<div class=\"elementor-widget-container\">\n\t\t\t\t\t<h1 class=\"elementor-heading-title elementor-size-default\">\u00a1Hablemos!<\/h1>\t\t\t\t<\/div>\n\t\t\t\t<\/div>\n\t\t\t\t<div class=\"elementor-element elementor-element-56f6daa7 elementor-button-align-end elementor-widget elementor-widget-form\" data-id=\"56f6daa7\" data-element_type=\"widget\" data-e-type=\"widget\" data-settings=\"{&quot;step_next_label&quot;:&quot;Next&quot;,&quot;step_previous_label&quot;:&quot;Previous&quot;,&quot;button_width&quot;:&quot;100&quot;,&quot;step_type&quot;:&quot;number_text&quot;,&quot;step_icon_shape&quot;:&quot;circle&quot;}\" data-widget_type=\"form.default\">\n\t\t\t\t<div class=\"elementor-widget-container\">\n\t\t\t\t\t\t\t<form class=\"elementor-form\" method=\"post\" name=\"New Form\" aria-label=\"New Form\">\n\t\t\t<input type=\"hidden\" name=\"post_id\" value=\"1671\"\/>\n\t\t\t<input type=\"hidden\" name=\"form_id\" value=\"56f6daa7\"\/>\n\t\t\t<input type=\"hidden\" name=\"referer_title\" value=\"\" \/>\n\n\t\t\t\t\t\t\t<input type=\"hidden\" name=\"queried_id\" value=\"1557\"\/>\n\t\t\t\n\t\t\t<div class=\"elementor-form-fields-wrapper elementor-labels-above\">\n\t\t\t\t\t\t\t\t<div class=\"elementor-field-type-text elementor-field-group elementor-column elementor-field-group-name elementor-col-50\">\n\t\t\t\t\t\t\t\t\t\t\t\t<label for=\"form-field-name\" class=\"elementor-field-label\">\n\t\t\t\t\t\t\t\tNombre\t\t\t\t\t\t\t<\/label>\n\t\t\t\t\t\t\t\t\t\t\t\t\t\t<input size=\"1\" type=\"text\" name=\"form_fields[name]\" id=\"form-field-name\" class=\"elementor-field elementor-size-sm  elementor-field-textual\">\n\t\t\t\t\t\t\t\t\t\t\t<\/div>\n\t\t\t\t\t\t\t\t<div class=\"elementor-field-type-email elementor-field-group elementor-column elementor-field-group-email elementor-col-50 elementor-field-required\">\n\t\t\t\t\t\t\t\t\t\t\t\t<label for=\"form-field-email\" class=\"elementor-field-label\">\n\t\t\t\t\t\t\t\tEmail\t\t\t\t\t\t\t<\/label>\n\t\t\t\t\t\t\t\t\t\t\t\t\t\t<input size=\"1\" type=\"email\" name=\"form_fields[email]\" id=\"form-field-email\" class=\"elementor-field elementor-size-sm  elementor-field-textual\" required=\"required\">\n\t\t\t\t\t\t\t\t\t\t\t<\/div>\n\t\t\t\t\t\t\t\t<div class=\"elementor-field-type-textarea elementor-field-group elementor-column elementor-field-group-message elementor-col-100\">\n\t\t\t\t\t\t\t\t\t\t\t\t<label for=\"form-field-message\" class=\"elementor-field-label\">\n\t\t\t\t\t\t\t\t\u00bfC\u00f3mo puedo ayudarte?\t\t\t\t\t\t\t<\/label>\n\t\t\t\t\t\t<textarea class=\"elementor-field-textual elementor-field  elementor-size-sm\" name=\"form_fields[message]\" id=\"form-field-message\" rows=\"1\"><\/textarea>\t\t\t\t<\/div>\n\t\t\t\t\t\t\t\t<div class=\"elementor-field-type-recaptcha_v3 elementor-field-group elementor-column elementor-field-group-field_a446c9d elementor-col-100 recaptcha_v3-bottomright\">\n\t\t\t\t\t<div class=\"elementor-field\" id=\"form-field-field_a446c9d\"><div class=\"elementor-g-recaptcha\" data-sitekey=\"6LdZZKYrAAAAAL4ecrAVNKjuk4bXKM5wQPBvESDe\" data-type=\"v3\" data-action=\"Form\" data-badge=\"bottomright\" data-size=\"invisible\"><\/div><\/div>\t\t\t\t<\/div>\n\t\t\t\t\t\t\t\t<div class=\"elementor-field-group elementor-column elementor-field-type-submit elementor-col-100 e-form__buttons\">\n\t\t\t\t\t<button class=\"elementor-button elementor-size-md\" type=\"submit\">\n\t\t\t\t\t\t<span class=\"elementor-button-content-wrapper\">\n\t\t\t\t\t\t\t\t\t\t\t\t\t\t\t<span class=\"elementor-button-icon\">\n\t\t\t\t\t\t\t\t\t<i aria-hidden=\"true\" class=\"fas fa-paper-plane\"><\/i>\t\t\t\t\t\t\t\t\t\t\t\t\t\t\t\t\t<\/span>\n\t\t\t\t\t\t\t\t\t\t\t\t\t\t\t\t\t\t\t\t\t\t<span class=\"elementor-button-text\">Enviar<\/span>\n\t\t\t\t\t\t\t\t\t\t\t\t\t<\/span>\n\t\t\t\t\t<\/button>\n\t\t\t\t<\/div>\n\t\t\t<\/div>\n\t\t<\/form>\n\t\t\t\t\t\t<\/div>\n\t\t\t\t<\/div>\n\t\t\t\t\t<\/div>\n\t\t\t\t<\/div>\n\t\t<div class=\"elementor-element elementor-element-63461b16 e-flex e-con-boxed e-con e-child\" data-id=\"63461b16\" data-element_type=\"container\" data-e-type=\"container\">\n\t\t\t\t\t<div class=\"e-con-inner\">\n\t\t\t\t<div class=\"elementor-element elementor-element-28b5c914 elementor-widget elementor-widget-text-editor\" data-id=\"28b5c914\" data-element_type=\"widget\" data-e-type=\"widget\" data-widget_type=\"text-editor.default\">\n\t\t\t\t<div class=\"elementor-widget-container\">\n\t\t\t\t\t\t\t\t\t<p data-start=\"250\" data-end=\"551\">Preg\u00fantame por la soluci\u00f3n de dise\u00f1o que est\u00e1s buscando, d\u00e9jame saber de ese proyecto que tienes en mente o hablemos de lo que podemos hacer para hacer brillar tu marca.<\/p>\t\t\t\t\t\t\t\t<\/div>\n\t\t\t\t<\/div>\n\t\t<div class=\"elementor-element elementor-element-3354a5a7 e-con-full e-flex e-con e-child\" data-id=\"3354a5a7\" data-element_type=\"container\" data-e-type=\"container\">\n\t\t<div class=\"elementor-element elementor-element-50cb0eab e-con-full e-flex e-con e-child\" data-id=\"50cb0eab\" data-element_type=\"container\" data-e-type=\"container\">\n\t\t\t\t<div class=\"elementor-element elementor-element-6b1c0701 elementor-widget elementor-widget-image\" data-id=\"6b1c0701\" data-element_type=\"widget\" data-e-type=\"widget\" data-widget_type=\"image.default\">\n\t\t\t\t<div class=\"elementor-widget-container\">\n\t\t\t\t\t\t\t\t\t\t\t\t\t\t\t<img fetchpriority=\"high\" decoding=\"async\" width=\"512\" height=\"512\" src=\"https:\/\/mauricioconcha.com\/wp-content\/uploads\/2020\/11\/Phone.png\" class=\"attachment-large size-large wp-image-673\" alt=\"Hablamos\" srcset=\"https:\/\/mauricioconcha.com\/wp-content\/uploads\/2020\/11\/Phone.png 512w, https:\/\/mauricioconcha.com\/wp-content\/uploads\/2020\/11\/Phone-300x300.png 300w, https:\/\/mauricioconcha.com\/wp-content\/uploads\/2020\/11\/Phone-150x150.png 150w\" sizes=\"(max-width: 512px) 100vw, 512px\" \/>\t\t\t\t\t\t\t\t\t\t\t\t\t\t\t<\/div>\n\t\t\t\t<\/div>\n\t\t\t\t<\/div>\n\t\t<div class=\"elementor-element elementor-element-16b5d54d e-con-full e-flex e-con e-child\" data-id=\"16b5d54d\" data-element_type=\"container\" data-e-type=\"container\">\n\t\t\t\t<div class=\"elementor-element elementor-element-3ef99ae0 elementor-widget elementor-widget-text-editor\" data-id=\"3ef99ae0\" data-element_type=\"widget\" data-e-type=\"widget\" data-widget_type=\"text-editor.default\">\n\t\t\t\t<div class=\"elementor-widget-container\">\n\t\t\t\t\t\t\t\t\t<p><a href=\"tel:+5713122062384\">312 206 2384<\/a><\/p>\t\t\t\t\t\t\t\t<\/div>\n\t\t\t\t<\/div>\n\t\t\t\t<div class=\"elementor-element elementor-element-32b6fe57 elementor-widget elementor-widget-text-editor\" data-id=\"32b6fe57\" data-element_type=\"widget\" data-e-type=\"widget\" data-widget_type=\"text-editor.default\">\n\t\t\t\t<div class=\"elementor-widget-container\">\n\t\t\t\t\t\t\t\t\t<p>\u00a1Hablemos!<\/p>\t\t\t\t\t\t\t\t<\/div>\n\t\t\t\t<\/div>\n\t\t\t\t<\/div>\n\t\t\t\t<\/div>\n\t\t<div class=\"elementor-element elementor-element-e1cd9 e-con-full e-flex e-con e-child\" data-id=\"e1cd9\" data-element_type=\"container\" data-e-type=\"container\">\n\t\t<div class=\"elementor-element elementor-element-3e051c9f e-con-full e-flex e-con e-child\" data-id=\"3e051c9f\" data-element_type=\"container\" data-e-type=\"container\">\n\t\t\t\t<div class=\"elementor-element elementor-element-496ca164 elementor-widget elementor-widget-image\" data-id=\"496ca164\" data-element_type=\"widget\" data-e-type=\"widget\" data-widget_type=\"image.default\">\n\t\t\t\t<div class=\"elementor-widget-container\">\n\t\t\t\t\t\t\t\t\t\t\t\t\t\t\t<img decoding=\"async\" width=\"512\" height=\"512\" src=\"https:\/\/mauricioconcha.com\/wp-content\/uploads\/2020\/11\/Mail.png\" class=\"attachment-large size-large wp-image-672\" alt=\"Escribeme\" srcset=\"https:\/\/mauricioconcha.com\/wp-content\/uploads\/2020\/11\/Mail.png 512w, https:\/\/mauricioconcha.com\/wp-content\/uploads\/2020\/11\/Mail-300x300.png 300w, https:\/\/mauricioconcha.com\/wp-content\/uploads\/2020\/11\/Mail-150x150.png 150w\" sizes=\"(max-width: 512px) 100vw, 512px\" \/>\t\t\t\t\t\t\t\t\t\t\t\t\t\t\t<\/div>\n\t\t\t\t<\/div>\n\t\t\t\t<\/div>\n\t\t<div class=\"elementor-element elementor-element-429614bc e-con-full e-flex e-con e-child\" data-id=\"429614bc\" data-element_type=\"container\" data-e-type=\"container\">\n\t\t\t\t<div class=\"elementor-element elementor-element-44659031 elementor-widget elementor-widget-text-editor\" data-id=\"44659031\" data-element_type=\"widget\" data-e-type=\"widget\" data-widget_type=\"text-editor.default\">\n\t\t\t\t<div class=\"elementor-widget-container\">\n\t\t\t\t\t\t\t\t\t<p><a href=\"mailto:imagen@mauricioconcha.com\">imagen@mauricioconcha.com<\/a><\/p>\t\t\t\t\t\t\t\t<\/div>\n\t\t\t\t<\/div>\n\t\t\t\t<div class=\"elementor-element elementor-element-714676d5 elementor-widget elementor-widget-text-editor\" data-id=\"714676d5\" data-element_type=\"widget\" data-e-type=\"widget\" data-widget_type=\"text-editor.default\">\n\t\t\t\t<div class=\"elementor-widget-container\">\n\t\t\t\t\t\t\t\t\t<p>Por si quieres enviarme algo<\/p>\t\t\t\t\t\t\t\t<\/div>\n\t\t\t\t<\/div>\n\t\t\t\t<\/div>\n\t\t\t\t<\/div>\n\t\t<div class=\"elementor-element elementor-element-71004144 e-con-full e-flex e-con e-child\" data-id=\"71004144\" data-element_type=\"container\" data-e-type=\"container\">\n\t\t<div class=\"elementor-element elementor-element-6f933516 e-con-full e-flex e-con e-child\" data-id=\"6f933516\" data-element_type=\"container\" data-e-type=\"container\">\n\t\t\t\t<div class=\"elementor-element elementor-element-6e4d7de5 elementor-widget elementor-widget-image\" data-id=\"6e4d7de5\" data-element_type=\"widget\" data-e-type=\"widget\" data-widget_type=\"image.default\">\n\t\t\t\t<div class=\"elementor-widget-container\">\n\t\t\t\t\t\t\t\t\t\t\t\t\t\t\t<img decoding=\"async\" width=\"512\" height=\"512\" src=\"https:\/\/mauricioconcha.com\/wp-content\/uploads\/2020\/11\/Address.png\" class=\"attachment-large size-large wp-image-671\" alt=\"Address\" srcset=\"https:\/\/mauricioconcha.com\/wp-content\/uploads\/2020\/11\/Address.png 512w, https:\/\/mauricioconcha.com\/wp-content\/uploads\/2020\/11\/Address-300x300.png 300w, https:\/\/mauricioconcha.com\/wp-content\/uploads\/2020\/11\/Address-150x150.png 150w\" sizes=\"(max-width: 512px) 100vw, 512px\" \/>\t\t\t\t\t\t\t\t\t\t\t\t\t\t\t<\/div>\n\t\t\t\t<\/div>\n\t\t\t\t<\/div>\n\t\t<div class=\"elementor-element elementor-element-56a973b9 e-con-full e-flex e-con e-child\" data-id=\"56a973b9\" data-element_type=\"container\" data-e-type=\"container\">\n\t\t\t\t<div class=\"elementor-element elementor-element-481d5334 elementor-widget elementor-widget-text-editor\" data-id=\"481d5334\" data-element_type=\"widget\" data-e-type=\"widget\" data-widget_type=\"text-editor.default\">\n\t\t\t\t<div class=\"elementor-widget-container\">\n\t\t\t\t\t\t\t\t\t<p><a href=\"https:\/\/maps.app.goo.gl\/uwSNgqYWWryv4ew27\">Manizales, Caldas. Colombia.<\/a><\/p>\t\t\t\t\t\t\t\t<\/div>\n\t\t\t\t<\/div>\n\t\t\t\t<div class=\"elementor-element elementor-element-2a189536 elementor-widget elementor-widget-text-editor\" data-id=\"2a189536\" data-element_type=\"widget\" data-e-type=\"widget\" data-widget_type=\"text-editor.default\">\n\t\t\t\t<div class=\"elementor-widget-container\">\n\t\t\t\t\t\t\t\t\t<p>\u00bfEst\u00e1s cerca? \u00a1Ve\u00e1monos!<\/p>\t\t\t\t\t\t\t\t<\/div>\n\t\t\t\t<\/div>\n\t\t\t\t<\/div>\n\t\t\t\t<\/div>\n\t\t\t\t\t<\/div>\n\t\t\t\t<\/div>\n\t\t\t\t<\/div>\n\t\t\t\t<\/div>\n\t\t\t\t<\/div>\n\t\t\t\t\t\t<\/div>\n\t\t\t\t<\/div>\n\t\t\t\t<\/div>\n\t\t\t\t<\/div>\n\t\t","protected":false},"excerpt":{"rendered":"<p>Descargar CV Experiencia Consultor Asociado Liana Strategy \u2014 Manizales, Colombia Mar 2025 \u2013 Actualidad Consultor asociado en identidad corporativa y en el desarrollo de estrategias de comunicaci\u00f3n visual, claras, efectivas y centradas en el cliente y la mejora continua. Asesor de Comunicaciones MRB S.A.S \u2014 Bogot\u00e1, Colombia Jun 2024 \u2013 Dec 2024 Asesor\u00eda para las [&hellip;]<\/p>\n","protected":false},"author":1,"featured_media":0,"parent":0,"menu_order":0,"comment_status":"closed","ping_status":"closed","template":"elementor_canvas","meta":{"footnotes":""},"class_list":["post-2037","page","type-page","status-publish","hentry"],"_links":{"self":[{"href":"https:\/\/mauricioconcha.com\/es\/wp-json\/wp\/v2\/pages\/2037","targetHints":{"allow":["GET"]}}],"collection":[{"href":"https:\/\/mauricioconcha.com\/es\/wp-json\/wp\/v2\/pages"}],"about":[{"href":"https:\/\/mauricioconcha.com\/es\/wp-json\/wp\/v2\/types\/page"}],"author":[{"embeddable":true,"href":"https:\/\/mauricioconcha.com\/es\/wp-json\/wp\/v2\/users\/1"}],"replies":[{"embeddable":true,"href":"https:\/\/mauricioconcha.com\/es\/wp-json\/wp\/v2\/comments?post=2037"}],"version-history":[{"count":0,"href":"https:\/\/mauricioconcha.com\/es\/wp-json\/wp\/v2\/pages\/2037\/revisions"}],"wp:attachment":[{"href":"https:\/\/mauricioconcha.com\/es\/wp-json\/wp\/v2\/media?parent=2037"}],"curies":[{"name":"wp","href":"https:\/\/api.w.org\/{rel}","templated":true}]}}